{"id":241497,"date":"2024-05-19T19:20:02","date_gmt":"2024-05-19T17:20:02","guid":{"rendered":"https:\/\/www.garcia-coca.com\/avis-legal\/"},"modified":"2024-05-19T21:20:38","modified_gmt":"2024-05-19T19:20:38","slug":"avis-legal","status":"publish","type":"page","link":"https:\/\/www.garcia-coca.com\/ca\/avis-legal\/","title":{"rendered":"Av\u00eds legal"},"content":{"rendered":"<p>[et_pb_section fb_built=&#8221;1&#8243; _builder_version=&#8221;4.16&#8243; _module_preset=&#8221;default&#8221; background_image=&#8221;http:\/\/www.garcia-coca.com\/wp-content\/uploads\/2021\/01\/LIBROS.jpg&#8221; height=&#8221;250px&#8221; global_colors_info=&#8221;{}&#8221;][\/et_pb_section][et_pb_section fb_built=&#8221;1&#8243; _builder_version=&#8221;4.16&#8243; _module_preset=&#8221;default&#8221; global_colors_info=&#8221;{}&#8221;][et_pb_row _builder_version=&#8221;4.16&#8243; _module_preset=&#8221;default&#8221; global_colors_info=&#8221;{}&#8221;][et_pb_column type=&#8221;4_4&#8243; _builder_version=&#8221;4.16&#8243; _module_preset=&#8221;default&#8221; global_colors_info=&#8221;{}&#8221;][et_pb_text module_class=&#8221;hyperlink-color&#8221; _builder_version=&#8221;4.16&#8243; _module_preset=&#8221;default&#8221; text_font=&#8221;Open Sans||||||||&#8221; header_text_align=&#8221;center&#8221; header_font_size=&#8221;45px&#8221; header_2_font=&#8221;Prata||||||||&#8221; header_2_text_align=&#8221;center&#8221; header_2_font_size=&#8221;30px&#8221; global_colors_info=&#8221;{}&#8221;]<\/p>\n<h2>Av\u00eds legal<\/h2>\n<p>&nbsp;<\/p>\n<p style=\"text-align: justify;\"><span class=\"text1\"><span lang=\"ES-TRAD\">En compliment de l\u2019article 10 de la Llei 34\/2002, d\u201911 de juliol, de serveis de la societat de la informaci\u00f3 i de comer\u00e7 electr\u00f2nic, us informem que el titular del lloc web <\/span><\/span><span lang=\"ES-TRAD\">http:\/\/www.garcia-coca.com es:<\/span><\/p>\n<p style=\"text-align: justify;\">Nom: <strong>BUFET GARCIA-COCA, S.L.P.<br \/><\/strong>Domicili: <strong>Carrer Bruc, n\u00fam. 123, entresol, CP 08037 de Barcelona<br \/><\/strong>CIF: <strong>B-63124119<br \/><\/strong><strong>Inscrita al Registre Mercantil de Barcelona, al tom 35.554, foli 141, full n\u00fam. B-271960<\/strong><\/p>\n<p style=\"text-align: justify;\">L\u2019acc\u00e9s i la navegaci\u00f3 de l\u2019usuari al lloc web implica el coneixement i l\u2019acceptaci\u00f3 sense reserves de les <a href=\"https:\/\/www.garcia-coca.com\/ca\/condicions-us-lloc-web\/\">Condicions d&#8217;\u00fas del lloc web<\/a>.<\/p>\n<p style=\"text-align: justify;\">A efectes informatius, aquest lloc web es mant\u00e9 i cont\u00e9 amb els procediments est\u00e0ndard de seguretat generalment acceptats amb la finalitat de protegir la informaci\u00f3 que hi figura, aix\u00ed com la que puguin proporcionar els visitants. L\u2019objectiu \u00e9s evitar l\u2019\u00fas inadequat, la p\u00e8rdua o la modificaci\u00f3 de continguts i d\u2019informaci\u00f3.<\/p>\n<p style=\"text-align: justify;\">Us informem que nom\u00e9s el personal autoritzat t\u00e9 acc\u00e9s a la informaci\u00f3 personal i d\u2019identificaci\u00f3 que un visitant pugui oferir a trav\u00e9s del lloc.<\/p>\n<p style=\"text-align: justify;\">Us recordem que el nostre lloc pot contenir enlla\u00e7os a altres llocs que poden no estar controlats per les mateixes pol\u00edtiques de privadesa o b\u00e9 que el propi proc\u00e9s tecnol\u00f2gic, en la seva evoluci\u00f3, pot situar les informacions que circulen per la xarxa en una posici\u00f3 de debilitat en determinades circumst\u00e0ncies.<\/p>\n<p style=\"text-align: justify;\">El lloc web pot oferir determinada informaci\u00f3 sobre temes concrets a efectes explicatius; per tant, aquesta informaci\u00f3 podria ser incompleta als efectes que el visitant volgu\u00e9s prendre decisions sobre els seus negocis o decisions personals. La informaci\u00f3 presentada no \u00e9s, en cap cas, un servei de consultoria o assessoria. Abans de prendre qualsevol decisi\u00f3, consulteu de forma personalitzada amb el professional. Per tant, no s\u2019accepta cap responsabilitat per les decisions que alg\u00fa pugui adoptar \u00fanicament a partir de la lectura de la informaci\u00f3 que cont\u00e9 el nostre lloc web. El titular del lloc web no \u00e9s responsable de cap dany espec\u00edfic, indirecte o incidental derivat de la navegaci\u00f3 per la xarxa i l\u2019\u00fas del nostre lloc web.<\/p>\n<p style=\"text-align: justify;\">El visitant assumeix la seva pr\u00f2pia responsabilitat derivada de la utilitzaci\u00f3 d\u2019aquest lloc o de la informaci\u00f3 que hi cont\u00e9.<\/p>\n<p>[\/et_pb_text][\/et_pb_column][\/et_pb_row][\/et_pb_section][et_pb_section fb_built=&#8221;1&#8243; _builder_version=&#8221;4.16&#8243; background_color=&#8221;#eaeaea&#8221; saved_tabs=&#8221;all&#8221; global_colors_info=&#8221;{}&#8221; global_module=&#8221;241548&#8243; theme_builder_area=&#8221;post_content&#8221;][et_pb_row column_structure=&#8221;1_3,2_3&#8243; _builder_version=&#8221;4.16&#8243; global_colors_info=&#8221;{}&#8221; theme_builder_area=&#8221;post_content&#8221;][et_pb_column type=&#8221;1_3&#8243; _builder_version=&#8221;4.16&#8243; global_colors_info=&#8221;{}&#8221; theme_builder_area=&#8221;post_content&#8221;][et_pb_text module_class=&#8221;hyperlink-color&#8221; _builder_version=&#8221;4.17.3&#8243; text_font=&#8221;Open Sans||||||||&#8221; text_text_color=&#8221;#666666&#8243; link_font=&#8221;Open Sans||||||||&#8221; link_text_color=&#8221;#666666&#8243; header_2_font=&#8221;Prata||||||||&#8221; header_2_text_color=&#8221;#666666&#8243; header_2_letter_spacing=&#8221;2px&#8221; header_3_font=&#8221;Prata||||||||&#8221; header_3_text_color=&#8221;#666666&#8243; animation_style=&#8221;fade&#8221; header_2_text_color_last_edited=&#8221;off|desktop&#8221; global_colors_info=&#8221;{}&#8221; theme_builder_area=&#8221;post_content&#8221;]<\/p>\n<h3>Bufet GARC\u00cdA-COCA<\/h3>\n<p>Bruc, 123 entresol<br \/>08037 BARCELONA<br \/><span class=\"et-pb-icon\" style=\"font-size: 15px;\">\ue090<\/span> 93 208 18 88<br \/><span class=\"et-pb-icon\" style=\"font-size: 15px;\">\ue0fa<\/span> 93 458 30 20<br \/><span class=\"et-pb-icon\" style=\"font-size: 15px;\">\ue010<\/span> <a href=\"mailto:bufetgarciacoca@icab.es\">bufetgarciacoca@icab.es<\/a><\/p>\n<p>[\/et_pb_text][et_pb_button button_url=&#8221;https:\/\/goo.gl\/maps\/XGYmzez5bfdSDx7R6&#8243; url_new_window=&#8221;on&#8221; button_text=&#8221;LOCALITZACI\u00d3&#8221; _builder_version=&#8221;4.17.3&#8243; custom_button=&#8221;on&#8221; button_text_size=&#8221;13px&#8221; button_text_color=&#8221;#5b5b5b&#8221; button_bg_color=&#8221;#ffba60&#8243; button_border_width=&#8221;0px&#8221; button_border_color=&#8221;rgba(0,0,0,0)&#8221; button_border_radius=&#8221;0px&#8221; button_letter_spacing=&#8221;2px&#8221; button_font=&#8221;Open Sans|700|||||||&#8221; button_icon=&#8221;&#x39;||divi||400&#8243; button_icon_color=&#8221;#5b5b5b&#8221; custom_margin=&#8221;-15px||||false|false&#8221; animation_style=&#8221;fade&#8221; box_shadow_style=&#8221;preset2&#8243; box_shadow_horizontal=&#8221;3px&#8221; box_shadow_vertical=&#8221;3px&#8221; global_colors_info=&#8221;{}&#8221; theme_builder_area=&#8221;post_content&#8221;][\/et_pb_button][\/et_pb_column][et_pb_column type=&#8221;2_3&#8243; _builder_version=&#8221;4.16&#8243; global_colors_info=&#8221;{}&#8221; theme_builder_area=&#8221;post_content&#8221;][et_pb_social_media_follow _builder_version=&#8221;4.16&#8243; text_orientation=&#8221;right&#8221; custom_margin=&#8221;||10px||false|false&#8221; animation_style=&#8221;fade&#8221; locked=&#8221;off&#8221; global_colors_info=&#8221;{}&#8221; theme_builder_area=&#8221;post_content&#8221;][et_pb_social_media_follow_network social_network=&#8221;facebook&#8221; url=&#8221;https:\/\/www.facebook.com\/Bufet-Garc%C3%ADa-Coca-975377212483096\/&#8221; _builder_version=&#8221;4.16&#8243; background_color=&#8221;#3b5998&#8243; global_colors_info=&#8221;{}&#8221; theme_builder_area=&#8221;post_content&#8221; follow_button=&#8221;off&#8221; url_new_window=&#8221;on&#8221;]facebook[\/et_pb_social_media_follow_network][et_pb_social_media_follow_network social_network=&#8221;linkedin&#8221; url=&#8221;http:\/\/www.linkedin.com\/in\/fernando-garc\u00eda-coca-castro-43a1b240&#8243; _builder_version=&#8221;4.16&#8243; background_color=&#8221;#007bb6&#8243; global_colors_info=&#8221;{}&#8221; theme_builder_area=&#8221;post_content&#8221; follow_button=&#8221;off&#8221; url_new_window=&#8221;on&#8221;]linkedin[\/et_pb_social_media_follow_network][\/et_pb_social_media_follow][et_pb_divider color=&#8221;#b3b3b3&#8243; _builder_version=&#8221;4.16&#8243; custom_margin=&#8221;|||-13px|false|false&#8221; animation_style=&#8221;fade&#8221; locked=&#8221;off&#8221; global_colors_info=&#8221;{}&#8221; theme_builder_area=&#8221;post_content&#8221;][\/et_pb_divider][et_pb_text module_class=&#8221;hyperlink-color&#8221; _builder_version=&#8221;4.18.1&#8243; text_font=&#8221;Open Sans||||||||&#8221; text_text_color=&#8221;#666666&#8243; custom_margin=&#8221;-40px|||-13px|false|false&#8221; animation_style=&#8221;fade&#8221; locked=&#8221;off&#8221; global_colors_info=&#8221;{}&#8221; theme_builder_area=&#8221;post_content&#8221;]<\/p>\n<p style=\"text-align: left;\"><a href=\"https:\/\/www.garcia-coca.com\/ca\/avis-legal\/\">Av\u00eds legal<\/a> | <a href=\"https:\/\/www.garcia-coca.com\/ca\/politica-de-privadesa\/\">Pol\u00edtica de privadesa<\/a> | <a href=\"https:\/\/www.garcia-coca.com\/politica-de-cookies\/\">Pol\u00edtica de cookies<\/a> | <a href=\"https:\/\/www.garcia-coca.com\/ca\/condiciones-us-lloc-web\/\">Condicions d&#8217;\u00fas del lloc web<\/a> | <a href=\"https:\/\/www.garcia-coca.com\/ca\/politica-de-qualitat\/\">Pol\u00edtica de qualitat<\/a><\/p>\n<p>[\/et_pb_text][et_pb_divider color=&#8221;#b3b3b3&#8243; _builder_version=&#8221;4.17.3&#8243; custom_margin=&#8221;-17px|||-13px|false|false&#8221; animation_style=&#8221;fade&#8221; locked=&#8221;off&#8221; global_colors_info=&#8221;{}&#8221; theme_builder_area=&#8221;post_content&#8221;][\/et_pb_divider][\/et_pb_column][\/et_pb_row][\/et_pb_section]<\/p>\n","protected":false},"excerpt":{"rendered":"<p>Av\u00eds legal &nbsp; En compliment de l\u2019article 10 de la Llei 34\/2002, d\u201911 de juliol, de serveis de la societat de la informaci\u00f3 i de comer\u00e7 electr\u00f2nic, us informem que el titular del lloc web http:\/\/www.garcia-coca.com es: Nom: BUFET GARCIA-COCA, S.L.P.Domicili: Carrer Bruc, n\u00fam. 123, entresol, CP 08037 de BarcelonaCIF: B-63124119Inscrita al Registre Mercantil de [&hellip;]<\/p>\n","protected":false},"author":1,"featured_media":0,"parent":0,"menu_order":0,"comment_status":"closed","ping_status":"closed","template":"","meta":{"_et_pb_use_builder":"on","_et_pb_old_content":"","_et_gb_content_width":"","footnotes":""},"class_list":["post-241497","page","type-page","status-publish","hentry"],"yoast_head":"<!-- This site is optimized with the Yoast SEO plugin v27.4 - https:\/\/yoast.com\/product\/yoast-seo-wordpress\/ -->\n<title>Av\u00eds legal - Bufet Garc\u00eda-Coca<\/title>\n<meta name=\"description\" content=\"Titular del lloc web www.garcia-coca.com: BUFET GARCIA-COCA, S.L.P. L&#039;acc\u00e9s implica l&#039;acceptaci\u00f3 de les Condicions d&#039;\u00fas del lloc web.\" \/>\n<meta name=\"robots\" content=\"index, follow, max-snippet:-1, max-image-preview:large, max-video-preview:-1\" \/>\n<link rel=\"canonical\" href=\"https:\/\/www.garcia-coca.com\/ca\/avis-legal\/\" \/>\n<meta property=\"og:locale\" content=\"ca_ES\" \/>\n<meta property=\"og:type\" content=\"article\" \/>\n<meta property=\"og:title\" content=\"Av\u00eds legal - Bufet Garc\u00eda-Coca\" \/>\n<meta property=\"og:description\" content=\"Titular del lloc web www.garcia-coca.com: BUFET GARCIA-COCA, S.L.P. L&#039;acc\u00e9s implica l&#039;acceptaci\u00f3 de les Condicions d&#039;\u00fas del lloc web.\" \/>\n<meta property=\"og:url\" content=\"https:\/\/www.garcia-coca.com\/ca\/avis-legal\/\" \/>\n<meta property=\"og:site_name\" content=\"Bufet Garc\u00eda-Coca\" \/>\n<meta property=\"article:publisher\" content=\"https:\/\/www.facebook.com\/Bufet-Garca-Coca-975377212483096\/\" \/>\n<meta property=\"article:modified_time\" content=\"2024-05-19T19:20:38+00:00\" \/>\n<meta property=\"og:image\" content=\"https:\/\/www.garcia-coca.com\/wp-content\/uploads\/2020\/12\/Logo_trasparente_blanco.png\" \/>\n\t<meta property=\"og:image:width\" content=\"2325\" \/>\n\t<meta property=\"og:image:height\" content=\"650\" \/>\n\t<meta property=\"og:image:type\" content=\"image\/png\" \/>\n<meta name=\"twitter:card\" content=\"summary_large_image\" \/>\n<meta name=\"twitter:label1\" content=\"Temps estimat de lectura\" \/>\n\t<meta name=\"twitter:data1\" content=\"5 minuts\" \/>\n<script type=\"application\/ld+json\" class=\"yoast-schema-graph\">{\"@context\":\"https:\\\/\\\/schema.org\",\"@graph\":[{\"@type\":\"WebPage\",\"@id\":\"https:\\\/\\\/www.garcia-coca.com\\\/ca\\\/avis-legal\\\/\",\"url\":\"https:\\\/\\\/www.garcia-coca.com\\\/ca\\\/avis-legal\\\/\",\"name\":\"Av\u00eds legal - Bufet Garc\u00eda-Coca\",\"isPartOf\":{\"@id\":\"https:\\\/\\\/www.garcia-coca.com\\\/ca\\\/#website\"},\"datePublished\":\"2024-05-19T17:20:02+00:00\",\"dateModified\":\"2024-05-19T19:20:38+00:00\",\"description\":\"Titular del lloc web www.garcia-coca.com: BUFET GARCIA-COCA, S.L.P. L'acc\u00e9s implica l'acceptaci\u00f3 de les Condicions d'\u00fas del lloc web.\",\"breadcrumb\":{\"@id\":\"https:\\\/\\\/www.garcia-coca.com\\\/ca\\\/avis-legal\\\/#breadcrumb\"},\"inLanguage\":\"ca\",\"potentialAction\":[{\"@type\":\"ReadAction\",\"target\":[\"https:\\\/\\\/www.garcia-coca.com\\\/ca\\\/avis-legal\\\/\"]}]},{\"@type\":\"BreadcrumbList\",\"@id\":\"https:\\\/\\\/www.garcia-coca.com\\\/ca\\\/avis-legal\\\/#breadcrumb\",\"itemListElement\":[{\"@type\":\"ListItem\",\"position\":1,\"name\":\"Home\",\"item\":\"https:\\\/\\\/www.garcia-coca.com\\\/ca\\\/\"},{\"@type\":\"ListItem\",\"position\":2,\"name\":\"Av\u00eds legal\"}]},{\"@type\":\"WebSite\",\"@id\":\"https:\\\/\\\/www.garcia-coca.com\\\/ca\\\/#website\",\"url\":\"https:\\\/\\\/www.garcia-coca.com\\\/ca\\\/\",\"name\":\"Bufet Garc\u00eda-Coca\",\"description\":\"Abogados de Familia y Sucesiones\",\"publisher\":{\"@id\":\"https:\\\/\\\/www.garcia-coca.com\\\/ca\\\/#organization\"},\"potentialAction\":[{\"@type\":\"SearchAction\",\"target\":{\"@type\":\"EntryPoint\",\"urlTemplate\":\"https:\\\/\\\/www.garcia-coca.com\\\/ca\\\/?s={search_term_string}\"},\"query-input\":{\"@type\":\"PropertyValueSpecification\",\"valueRequired\":true,\"valueName\":\"search_term_string\"}}],\"inLanguage\":\"ca\"},{\"@type\":\"Organization\",\"@id\":\"https:\\\/\\\/www.garcia-coca.com\\\/ca\\\/#organization\",\"name\":\"Bufet Garc\u00eda-Coca\",\"url\":\"https:\\\/\\\/www.garcia-coca.com\\\/ca\\\/\",\"logo\":{\"@type\":\"ImageObject\",\"inLanguage\":\"ca\",\"@id\":\"https:\\\/\\\/www.garcia-coca.com\\\/ca\\\/#\\\/schema\\\/logo\\\/image\\\/\",\"url\":\"https:\\\/\\\/www.garcia-coca.com\\\/wp-content\\\/uploads\\\/2020\\\/12\\\/Logo_trasparente_blanco.png\",\"contentUrl\":\"https:\\\/\\\/www.garcia-coca.com\\\/wp-content\\\/uploads\\\/2020\\\/12\\\/Logo_trasparente_blanco.png\",\"width\":2325,\"height\":650,\"caption\":\"Bufet Garc\u00eda-Coca\"},\"image\":{\"@id\":\"https:\\\/\\\/www.garcia-coca.com\\\/ca\\\/#\\\/schema\\\/logo\\\/image\\\/\"},\"sameAs\":[\"https:\\\/\\\/www.facebook.com\\\/Bufet-Garca-Coca-975377212483096\\\/\",\"http:\\\/\\\/www.linkedin.com\\\/in\\\/fernando-garca-coca-castro-43a1b240\"]}]}<\/script>\n<!-- \/ Yoast SEO plugin. -->","yoast_head_json":{"title":"Av\u00eds legal - Bufet Garc\u00eda-Coca","description":"Titular del lloc web www.garcia-coca.com: BUFET GARCIA-COCA, S.L.P. L'acc\u00e9s implica l'acceptaci\u00f3 de les Condicions d'\u00fas del lloc web.","robots":{"index":"index","follow":"follow","max-snippet":"max-snippet:-1","max-image-preview":"max-image-preview:large","max-video-preview":"max-video-preview:-1"},"canonical":"https:\/\/www.garcia-coca.com\/ca\/avis-legal\/","og_locale":"ca_ES","og_type":"article","og_title":"Av\u00eds legal - Bufet Garc\u00eda-Coca","og_description":"Titular del lloc web www.garcia-coca.com: BUFET GARCIA-COCA, S.L.P. L'acc\u00e9s implica l'acceptaci\u00f3 de les Condicions d'\u00fas del lloc web.","og_url":"https:\/\/www.garcia-coca.com\/ca\/avis-legal\/","og_site_name":"Bufet Garc\u00eda-Coca","article_publisher":"https:\/\/www.facebook.com\/Bufet-Garca-Coca-975377212483096\/","article_modified_time":"2024-05-19T19:20:38+00:00","og_image":[{"width":2325,"height":650,"url":"https:\/\/www.garcia-coca.com\/wp-content\/uploads\/2020\/12\/Logo_trasparente_blanco.png","type":"image\/png"}],"twitter_card":"summary_large_image","twitter_misc":{"Temps estimat de lectura":"5 minuts"},"schema":{"@context":"https:\/\/schema.org","@graph":[{"@type":"WebPage","@id":"https:\/\/www.garcia-coca.com\/ca\/avis-legal\/","url":"https:\/\/www.garcia-coca.com\/ca\/avis-legal\/","name":"Av\u00eds legal - Bufet Garc\u00eda-Coca","isPartOf":{"@id":"https:\/\/www.garcia-coca.com\/ca\/#website"},"datePublished":"2024-05-19T17:20:02+00:00","dateModified":"2024-05-19T19:20:38+00:00","description":"Titular del lloc web www.garcia-coca.com: BUFET GARCIA-COCA, S.L.P. L'acc\u00e9s implica l'acceptaci\u00f3 de les Condicions d'\u00fas del lloc web.","breadcrumb":{"@id":"https:\/\/www.garcia-coca.com\/ca\/avis-legal\/#breadcrumb"},"inLanguage":"ca","potentialAction":[{"@type":"ReadAction","target":["https:\/\/www.garcia-coca.com\/ca\/avis-legal\/"]}]},{"@type":"BreadcrumbList","@id":"https:\/\/www.garcia-coca.com\/ca\/avis-legal\/#breadcrumb","itemListElement":[{"@type":"ListItem","position":1,"name":"Home","item":"https:\/\/www.garcia-coca.com\/ca\/"},{"@type":"ListItem","position":2,"name":"Av\u00eds legal"}]},{"@type":"WebSite","@id":"https:\/\/www.garcia-coca.com\/ca\/#website","url":"https:\/\/www.garcia-coca.com\/ca\/","name":"Bufet Garc\u00eda-Coca","description":"Abogados de Familia y Sucesiones","publisher":{"@id":"https:\/\/www.garcia-coca.com\/ca\/#organization"},"potentialAction":[{"@type":"SearchAction","target":{"@type":"EntryPoint","urlTemplate":"https:\/\/www.garcia-coca.com\/ca\/?s={search_term_string}"},"query-input":{"@type":"PropertyValueSpecification","valueRequired":true,"valueName":"search_term_string"}}],"inLanguage":"ca"},{"@type":"Organization","@id":"https:\/\/www.garcia-coca.com\/ca\/#organization","name":"Bufet Garc\u00eda-Coca","url":"https:\/\/www.garcia-coca.com\/ca\/","logo":{"@type":"ImageObject","inLanguage":"ca","@id":"https:\/\/www.garcia-coca.com\/ca\/#\/schema\/logo\/image\/","url":"https:\/\/www.garcia-coca.com\/wp-content\/uploads\/2020\/12\/Logo_trasparente_blanco.png","contentUrl":"https:\/\/www.garcia-coca.com\/wp-content\/uploads\/2020\/12\/Logo_trasparente_blanco.png","width":2325,"height":650,"caption":"Bufet Garc\u00eda-Coca"},"image":{"@id":"https:\/\/www.garcia-coca.com\/ca\/#\/schema\/logo\/image\/"},"sameAs":["https:\/\/www.facebook.com\/Bufet-Garca-Coca-975377212483096\/","http:\/\/www.linkedin.com\/in\/fernando-garca-coca-castro-43a1b240"]}]}},"_links":{"self":[{"href":"https:\/\/www.garcia-coca.com\/ca\/wp-json\/wp\/v2\/pages\/241497","targetHints":{"allow":["GET"]}}],"collection":[{"href":"https:\/\/www.garcia-coca.com\/ca\/wp-json\/wp\/v2\/pages"}],"about":[{"href":"https:\/\/www.garcia-coca.com\/ca\/wp-json\/wp\/v2\/types\/page"}],"author":[{"embeddable":true,"href":"https:\/\/www.garcia-coca.com\/ca\/wp-json\/wp\/v2\/users\/1"}],"replies":[{"embeddable":true,"href":"https:\/\/www.garcia-coca.com\/ca\/wp-json\/wp\/v2\/comments?post=241497"}],"version-history":[{"count":0,"href":"https:\/\/www.garcia-coca.com\/ca\/wp-json\/wp\/v2\/pages\/241497\/revisions"}],"wp:attachment":[{"href":"https:\/\/www.garcia-coca.com\/ca\/wp-json\/wp\/v2\/media?parent=241497"}],"curies":[{"name":"wp","href":"https:\/\/api.w.org\/{rel}","templated":true}]}}