{"id":241511,"date":"2024-05-19T20:11:12","date_gmt":"2024-05-19T18:11:12","guid":{"rendered":"https:\/\/www.garcia-coca.com\/politica-de-qualitat\/"},"modified":"2024-05-24T14:03:50","modified_gmt":"2024-05-24T12:03:50","slug":"politica-de-qualitat","status":"publish","type":"page","link":"https:\/\/www.garcia-coca.com\/ca\/politica-de-qualitat\/","title":{"rendered":"Pol\u00edtica de qualitat"},"content":{"rendered":"<p>[et_pb_section fb_built=&#8221;1&#8243; _builder_version=&#8221;4.16&#8243; _module_preset=&#8221;default&#8221; background_image=&#8221;http:\/\/www.garcia-coca.com\/wp-content\/uploads\/2021\/01\/LIBROS.jpg&#8221; height=&#8221;250px&#8221; global_colors_info=&#8221;{}&#8221;][\/et_pb_section][et_pb_section fb_built=&#8221;1&#8243; _builder_version=&#8221;4.16&#8243; _module_preset=&#8221;default&#8221; global_colors_info=&#8221;{}&#8221;][et_pb_row _builder_version=&#8221;4.16&#8243; _module_preset=&#8221;default&#8221; global_colors_info=&#8221;{}&#8221;][et_pb_column type=&#8221;4_4&#8243; _builder_version=&#8221;4.16&#8243; _module_preset=&#8221;default&#8221; global_colors_info=&#8221;{}&#8221;][et_pb_text module_class=&#8221;hyperlink-color&#8221; _builder_version=&#8221;4.17.3&#8243; _module_preset=&#8221;default&#8221; text_font=&#8221;Open Sans||||||||&#8221; header_text_align=&#8221;center&#8221; header_font_size=&#8221;45px&#8221; header_2_font=&#8221;Prata||||||||&#8221; header_2_text_align=&#8221;center&#8221; header_2_font_size=&#8221;30px&#8221; global_colors_info=&#8221;{}&#8221;]<\/p>\n<h2>Pol\u00edtica de qualitat<\/h2>\n<p>&nbsp;<\/p>\n<p style=\"text-align: justify;\"><span lang=\"ES-TRAD\">El <strong>Bufet Garc\u00eda-Coca<\/strong>, amb seu al Carrer Bruc, n\u00fam. 123 de Barcelona, va comen\u00e7ar el seu cam\u00ed l\u2019any 1991 de la m\u00e0 de Fernando Garc\u00eda-Coca. Actualment, gr\u00e0cies a la incorporaci\u00f3 de diferents advocats altament capacitats, s\u2019ha especialitzat en l\u2019\u00e0mbit del <strong>dret de fam\u00edlia i de successions <\/strong>i s\u2019ha convertit en un despatx de refer\u00e8ncia.<\/span><\/p>\n<p style=\"text-align: justify;\">Per consolidar la nostra organitzaci\u00f3 i projectar-la cap a la millora cont\u00ednua, i garantir la satisfacci\u00f3 dels nostres clients, la Direcci\u00f3 ha definit la missi\u00f3 i els valors que lideren el nostre servei, amb el comprom\u00eds de dur a terme les accions necess\u00e0ries per assolir els objectius i les metes anuals.<\/p>\n<p>[\/et_pb_text][\/et_pb_column][\/et_pb_row][et_pb_row column_structure=&#8221;1_4,3_4&#8243; _builder_version=&#8221;4.17.3&#8243; _module_preset=&#8221;default&#8221; global_colors_info=&#8221;{}&#8221;][et_pb_column type=&#8221;1_4&#8243; _builder_version=&#8221;4.17.3&#8243; _module_preset=&#8221;default&#8221; global_colors_info=&#8221;{}&#8221;][et_pb_text _builder_version=&#8221;4.17.3&#8243; _module_preset=&#8221;default&#8221; header_4_font=&#8221;Open Sans||||||||&#8221; header_4_text_color=&#8221;#666666&#8243; global_colors_info=&#8221;{}&#8221;]<\/p>\n<h4 style=\"text-align: center;\"><strong>EL NOSTRE COMPROM\u00cdS<\/strong><\/h4>\n<p>[\/et_pb_text][et_pb_image src=&#8221;https:\/\/www.garcia-coca.com\/wp-content\/uploads\/2022\/05\/Manos.jpg&#8221; title_text=&#8221;Manos&#8221; align=&#8221;center&#8221; _builder_version=&#8221;4.17.3&#8243; _module_preset=&#8221;default&#8221; global_colors_info=&#8221;{}&#8221;][\/et_pb_image][et_pb_image src=&#8221;https:\/\/www.garcia-coca.com\/wp-content\/uploads\/2024\/05\/Advocat_blanco.jpg&#8221; title_text=&#8221;Advocat_blanco&#8221; align=&#8221;center&#8221; _builder_version=&#8221;4.25.1&#8243; _module_preset=&#8221;default&#8221; global_colors_info=&#8221;{}&#8221;][\/et_pb_image][et_pb_text _builder_version=&#8221;4.25.1&#8243; _module_preset=&#8221;default&#8221; header_4_font=&#8221;Open Sans||||||||&#8221; header_4_text_color=&#8221;#666666&#8243; hover_enabled=&#8221;0&#8243; global_colors_info=&#8221;{}&#8221; sticky_enabled=&#8221;0&#8243;]<\/p>\n<h4><strong><\/strong><\/h4>\n<h4><\/h4>\n<h4><strong>La Direcci\u00f3<\/strong><\/h4>\n<h4><strong>Barcelona, octubre 2021<\/strong><\/h4>\n<p>[\/et_pb_text][\/et_pb_column][et_pb_column type=&#8221;3_4&#8243; _builder_version=&#8221;4.17.3&#8243; _module_preset=&#8221;default&#8221; global_colors_info=&#8221;{}&#8221;][et_pb_text module_class=&#8221;bullet-list-2 overlapText&#8221; _builder_version=&#8221;4.17.3&#8243; _module_preset=&#8221;default&#8221; text_font=&#8221;Open Sans||||||||&#8221; global_colors_info=&#8221;{}&#8221;]<\/p>\n<ul>\n<li style=\"text-align: justify;\"><strong>Enfocament al client<\/strong>. Depenem dels nostres clients i, per tant, hem de comprendre les vostres necessitats actuals per oferir-vos el millor servei, buscant sempre un tracte personalitzat i proper a les vostres inquietuds. A m\u00e9s, la vostra opini\u00f3 ens pot ajudar a identificar necessitats futures en el nostre \u00e0mbit professional.<\/li>\n<li style=\"text-align: justify;\"><strong>Lideratge<\/strong>. L\u2019organitzaci\u00f3 no es dirigeix; es lidera. La Direcci\u00f3 estableix l\u2019orientaci\u00f3 de l\u2019organitzaci\u00f3 mitjan\u00e7ant el Sistema de gesti\u00f3 de qualitat i procura que l\u2019ambient de treball sigui adequat per motivar el personal a perseguir els \u00e8xits i objectius establerts.<\/li>\n<li style=\"text-align: justify;\"><strong>Participaci\u00f3 del personal<\/strong>. El personal del despatx, a tots els nivells, \u00e9s l\u2019ess\u00e8ncia de l\u2019organitzaci\u00f3. Gr\u00e0cies al seu comprom\u00eds absolut, podem aprofitar les seves experi\u00e8ncia i habilitat en benefici propi i de l\u2019organitzaci\u00f3, per aplicar-les als nostres clients.<\/li>\n<li style=\"text-align: justify;\"><strong>Millora continua<\/strong>. Amb mentalitat cr\u00edtica i constructiva, hem de proposar millores per a la nostra manera de treballar, tant en benefici dels nostres clients com de la mateixa organitzaci\u00f3.<\/li>\n<li style=\"text-align: justify;\"><strong>Responsabilitat i marc legal<\/strong>. Totes les nostres actuacions han d\u2019anar dirigides a tractar els assumptes dels nostres clients amb total responsabilitat i confidencialitat, tant en l\u2019execuci\u00f3 com en l\u2019assessorament legal que els prestem, dins del marc legal en qu\u00e8 es desenvolupa la nostra activitat professional.<\/li>\n<li style=\"text-align: justify;\"><strong>Comprom\u00eds ecol\u00f2gic<\/strong>. Minimitzar l\u2019impacte mediambiental de les eines que utilitzem a la nostra activitat di\u00e0ria, mitjan\u00e7ant l\u2019\u00fas de tecnologia i el reciclatge sistem\u00e0tic.<\/li>\n<li style=\"text-align: justify;\"><strong>Responsabilitat social<\/strong>. Contribuci\u00f3 a millorar la conviv\u00e8ncia de la nostra societat mitjan\u00e7ant la divulgaci\u00f3 i difusi\u00f3 dels coneixements, apostant per la conciliaci\u00f3 en comptes de la litigaci\u00f3 i col\u00b7laborant amb entitats no lucratives amb fins socials.<\/li>\n<\/ul>\n<p>[\/et_pb_text][\/et_pb_column][\/et_pb_row][\/et_pb_section][et_pb_section fb_built=&#8221;1&#8243; _builder_version=&#8221;4.16&#8243; background_color=&#8221;#eaeaea&#8221; global_module=&#8221;1144&#8243; saved_tabs=&#8221;all&#8221; global_colors_info=&#8221;{}&#8221;][et_pb_row column_structure=&#8221;1_3,2_3&#8243; _builder_version=&#8221;4.16&#8243; global_colors_info=&#8221;{}&#8221;][et_pb_column type=&#8221;1_3&#8243; _builder_version=&#8221;4.16&#8243; global_colors_info=&#8221;{}&#8221;][et_pb_text module_class=&#8221;hyperlink-color&#8221; _builder_version=&#8221;4.17.3&#8243; text_font=&#8221;Open Sans||||||||&#8221; text_text_color=&#8221;#666666&#8243; link_font=&#8221;Open Sans||||||||&#8221; link_text_color=&#8221;#666666&#8243; header_2_font=&#8221;Prata||||||||&#8221; header_2_text_color=&#8221;#666666&#8243; header_2_letter_spacing=&#8221;2px&#8221; header_3_font=&#8221;Prata||||||||&#8221; header_3_text_color=&#8221;#666666&#8243; animation_style=&#8221;fade&#8221; header_2_text_color_last_edited=&#8221;off|desktop&#8221; global_colors_info=&#8221;{}&#8221;]<\/p>\n<h3>Bufet GARC\u00cdA-COCA<\/h3>\n<p>Bruc, 123 entresol<br \/>08037 BARCELONA<br \/><span class=\"et-pb-icon\" style=\"font-size: 15px;\">\ue090<\/span> 93 208 18 88<br \/><span class=\"et-pb-icon\" style=\"font-size: 15px;\">\ue0fa<\/span> 93 458 30 20<br \/><span class=\"et-pb-icon\" style=\"font-size: 15px;\">\ue010<\/span> <a href=\"mailto:bufetgarciacoca@icab.es\">bufetgarciacoca@icab.es<\/a><\/p>\n<p>[\/et_pb_text][et_pb_button button_url=&#8221;https:\/\/goo.gl\/maps\/XGYmzez5bfdSDx7R6&#8243; url_new_window=&#8221;on&#8221; button_text=&#8221;LOCALITZACI\u00d3&#8221; _builder_version=&#8221;4.17.3&#8243; custom_button=&#8221;on&#8221; button_text_size=&#8221;13px&#8221; button_text_color=&#8221;#5b5b5b&#8221; button_bg_color=&#8221;#ffba60&#8243; button_border_width=&#8221;0px&#8221; button_border_color=&#8221;rgba(0,0,0,0)&#8221; button_border_radius=&#8221;0px&#8221; button_letter_spacing=&#8221;2px&#8221; button_font=&#8221;Open Sans|700|||||||&#8221; button_icon=&#8221;&#x39;||divi||400&#8243; button_icon_color=&#8221;#5b5b5b&#8221; custom_margin=&#8221;-15px||||false|false&#8221; animation_style=&#8221;fade&#8221; box_shadow_style=&#8221;preset2&#8243; box_shadow_horizontal=&#8221;3px&#8221; box_shadow_vertical=&#8221;3px&#8221; global_colors_info=&#8221;{}&#8221;][\/et_pb_button][\/et_pb_column][et_pb_column type=&#8221;2_3&#8243; _builder_version=&#8221;4.16&#8243; global_colors_info=&#8221;{}&#8221;][et_pb_social_media_follow _builder_version=&#8221;4.16&#8243; text_orientation=&#8221;right&#8221; custom_margin=&#8221;||10px||false|false&#8221; animation_style=&#8221;fade&#8221; locked=&#8221;off&#8221; global_colors_info=&#8221;{}&#8221;][et_pb_social_media_follow_network social_network=&#8221;facebook&#8221; url=&#8221;https:\/\/www.facebook.com\/Bufet-Garc%C3%ADa-Coca-975377212483096\/&#8221; _builder_version=&#8221;4.16&#8243; background_color=&#8221;#3b5998&#8243; global_colors_info=&#8221;{}&#8221; follow_button=&#8221;off&#8221; url_new_window=&#8221;on&#8221;]facebook[\/et_pb_social_media_follow_network][et_pb_social_media_follow_network social_network=&#8221;linkedin&#8221; url=&#8221;http:\/\/www.linkedin.com\/in\/fernando-garc\u00eda-coca-castro-43a1b240&#8243; _builder_version=&#8221;4.16&#8243; background_color=&#8221;#007bb6&#8243; global_colors_info=&#8221;{}&#8221; follow_button=&#8221;off&#8221; url_new_window=&#8221;on&#8221;]linkedin[\/et_pb_social_media_follow_network][\/et_pb_social_media_follow][et_pb_divider color=&#8221;#b3b3b3&#8243; _builder_version=&#8221;4.16&#8243; custom_margin=&#8221;|||-13px|false|false&#8221; animation_style=&#8221;fade&#8221; locked=&#8221;off&#8221; global_colors_info=&#8221;{}&#8221;][\/et_pb_divider][et_pb_text module_class=&#8221;hyperlink-color&#8221; _builder_version=&#8221;4.25.1&#8243; text_font=&#8221;Open Sans||||||||&#8221; text_text_color=&#8221;#666666&#8243; custom_margin=&#8221;-40px|||-13px|false|false&#8221; animation_style=&#8221;fade&#8221; locked=&#8221;off&#8221; global_colors_info=&#8221;{}&#8221;]<\/p>\n<p style=\"text-align: left;\"><a href=\"https:\/\/www.garcia-coca.com\/ca\/avis-legal\/\">Av\u00eds legal<\/a> | <a href=\"https:\/\/www.garcia-coca.com\/ca\/politica-de-privadesa\/\">Pol\u00edtica de privadesa<\/a> | <a href=\"https:\/\/www.garcia-coca.com\/ca\/politica-de-cookies\/\">Pol\u00edtica de cookies<\/a> | <a href=\"https:\/\/www.garcia-coca.com\/ca\/condicions-dus-del-lloc-web\/\">Condicions d&#8217;\u00fas del lloc web<\/a> | <a href=\"https:\/\/www.garcia-coca.com\/ca\/politica-de-qualitat\/\">Pol\u00edtica de qualitat<\/a><\/p>\n<p>[\/et_pb_text][et_pb_divider color=&#8221;#b3b3b3&#8243; _builder_version=&#8221;4.17.3&#8243; custom_margin=&#8221;-17px|||-13px|false|false&#8221; animation_style=&#8221;fade&#8221; locked=&#8221;off&#8221; global_colors_info=&#8221;{}&#8221;][\/et_pb_divider][\/et_pb_column][\/et_pb_row][\/et_pb_section]<\/p>\n","protected":false},"excerpt":{"rendered":"<p>Pol\u00edtica de qualitat &nbsp; El Bufet Garc\u00eda-Coca, amb seu al Carrer Bruc, n\u00fam. 123 de Barcelona, va comen\u00e7ar el seu cam\u00ed l\u2019any 1991 de la m\u00e0 de Fernando Garc\u00eda-Coca. Actualment, gr\u00e0cies a la incorporaci\u00f3 de diferents advocats altament capacitats, s\u2019ha especialitzat en l\u2019\u00e0mbit del dret de fam\u00edlia i de successions i s\u2019ha convertit en un [&hellip;]<\/p>\n","protected":false},"author":1,"featured_media":0,"parent":0,"menu_order":0,"comment_status":"closed","ping_status":"closed","template":"","meta":{"_et_pb_use_builder":"on","_et_pb_old_content":"","_et_gb_content_width":"","footnotes":""},"class_list":["post-241511","page","type-page","status-publish","hentry"],"yoast_head":"<!-- This site is optimized with the Yoast SEO plugin v27.4 - https:\/\/yoast.com\/product\/yoast-seo-wordpress\/ -->\n<title>Pol\u00edtica de qualitat - Bufet Garc\u00eda-Coca<\/title>\n<meta name=\"robots\" content=\"index, follow, max-snippet:-1, max-image-preview:large, max-video-preview:-1\" \/>\n<link rel=\"canonical\" href=\"https:\/\/www.garcia-coca.com\/ca\/politica-de-qualitat\/\" \/>\n<meta property=\"og:locale\" content=\"ca_ES\" \/>\n<meta property=\"og:type\" content=\"article\" \/>\n<meta property=\"og:title\" content=\"Pol\u00edtica de qualitat - Bufet Garc\u00eda-Coca\" \/>\n<meta property=\"og:description\" content=\"Pol\u00edtica de qualitat &nbsp; El Bufet Garc\u00eda-Coca, amb seu al Carrer Bruc, n\u00fam. 123 de Barcelona, va comen\u00e7ar el seu cam\u00ed l\u2019any 1991 de la m\u00e0 de Fernando Garc\u00eda-Coca. Actualment, gr\u00e0cies a la incorporaci\u00f3 de diferents advocats altament capacitats, s\u2019ha especialitzat en l\u2019\u00e0mbit del dret de fam\u00edlia i de successions i s\u2019ha convertit en un [&hellip;]\" \/>\n<meta property=\"og:url\" content=\"https:\/\/www.garcia-coca.com\/ca\/politica-de-qualitat\/\" \/>\n<meta property=\"og:site_name\" content=\"Bufet Garc\u00eda-Coca\" \/>\n<meta property=\"article:publisher\" content=\"https:\/\/www.facebook.com\/Bufet-Garca-Coca-975377212483096\/\" \/>\n<meta property=\"article:modified_time\" content=\"2024-05-24T12:03:50+00:00\" \/>\n<meta property=\"og:image\" content=\"https:\/\/www.garcia-coca.com\/wp-content\/uploads\/2020\/12\/Logo_trasparente_blanco.png\" \/>\n\t<meta property=\"og:image:width\" content=\"2325\" \/>\n\t<meta property=\"og:image:height\" content=\"650\" \/>\n\t<meta property=\"og:image:type\" content=\"image\/png\" \/>\n<meta name=\"twitter:card\" content=\"summary_large_image\" \/>\n<meta name=\"twitter:label1\" content=\"Temps estimat de lectura\" \/>\n\t<meta name=\"twitter:data1\" content=\"6 minuts\" \/>\n<script type=\"application\/ld+json\" class=\"yoast-schema-graph\">{\"@context\":\"https:\\\/\\\/schema.org\",\"@graph\":[{\"@type\":\"WebPage\",\"@id\":\"https:\\\/\\\/www.garcia-coca.com\\\/ca\\\/politica-de-qualitat\\\/\",\"url\":\"https:\\\/\\\/www.garcia-coca.com\\\/ca\\\/politica-de-qualitat\\\/\",\"name\":\"Pol\u00edtica de qualitat - Bufet Garc\u00eda-Coca\",\"isPartOf\":{\"@id\":\"https:\\\/\\\/www.garcia-coca.com\\\/ca\\\/#website\"},\"datePublished\":\"2024-05-19T18:11:12+00:00\",\"dateModified\":\"2024-05-24T12:03:50+00:00\",\"breadcrumb\":{\"@id\":\"https:\\\/\\\/www.garcia-coca.com\\\/ca\\\/politica-de-qualitat\\\/#breadcrumb\"},\"inLanguage\":\"ca\",\"potentialAction\":[{\"@type\":\"ReadAction\",\"target\":[\"https:\\\/\\\/www.garcia-coca.com\\\/ca\\\/politica-de-qualitat\\\/\"]}]},{\"@type\":\"BreadcrumbList\",\"@id\":\"https:\\\/\\\/www.garcia-coca.com\\\/ca\\\/politica-de-qualitat\\\/#breadcrumb\",\"itemListElement\":[{\"@type\":\"ListItem\",\"position\":1,\"name\":\"Home\",\"item\":\"https:\\\/\\\/www.garcia-coca.com\\\/ca\\\/\"},{\"@type\":\"ListItem\",\"position\":2,\"name\":\"Pol\u00edtica de qualitat\"}]},{\"@type\":\"WebSite\",\"@id\":\"https:\\\/\\\/www.garcia-coca.com\\\/ca\\\/#website\",\"url\":\"https:\\\/\\\/www.garcia-coca.com\\\/ca\\\/\",\"name\":\"Bufet Garc\u00eda-Coca\",\"description\":\"Abogados de Familia y Sucesiones\",\"publisher\":{\"@id\":\"https:\\\/\\\/www.garcia-coca.com\\\/ca\\\/#organization\"},\"potentialAction\":[{\"@type\":\"SearchAction\",\"target\":{\"@type\":\"EntryPoint\",\"urlTemplate\":\"https:\\\/\\\/www.garcia-coca.com\\\/ca\\\/?s={search_term_string}\"},\"query-input\":{\"@type\":\"PropertyValueSpecification\",\"valueRequired\":true,\"valueName\":\"search_term_string\"}}],\"inLanguage\":\"ca\"},{\"@type\":\"Organization\",\"@id\":\"https:\\\/\\\/www.garcia-coca.com\\\/ca\\\/#organization\",\"name\":\"Bufet Garc\u00eda-Coca\",\"url\":\"https:\\\/\\\/www.garcia-coca.com\\\/ca\\\/\",\"logo\":{\"@type\":\"ImageObject\",\"inLanguage\":\"ca\",\"@id\":\"https:\\\/\\\/www.garcia-coca.com\\\/ca\\\/#\\\/schema\\\/logo\\\/image\\\/\",\"url\":\"https:\\\/\\\/www.garcia-coca.com\\\/wp-content\\\/uploads\\\/2020\\\/12\\\/Logo_trasparente_blanco.png\",\"contentUrl\":\"https:\\\/\\\/www.garcia-coca.com\\\/wp-content\\\/uploads\\\/2020\\\/12\\\/Logo_trasparente_blanco.png\",\"width\":2325,\"height\":650,\"caption\":\"Bufet Garc\u00eda-Coca\"},\"image\":{\"@id\":\"https:\\\/\\\/www.garcia-coca.com\\\/ca\\\/#\\\/schema\\\/logo\\\/image\\\/\"},\"sameAs\":[\"https:\\\/\\\/www.facebook.com\\\/Bufet-Garca-Coca-975377212483096\\\/\",\"http:\\\/\\\/www.linkedin.com\\\/in\\\/fernando-garca-coca-castro-43a1b240\"]}]}<\/script>\n<!-- \/ Yoast SEO plugin. -->","yoast_head_json":{"title":"Pol\u00edtica de qualitat - Bufet Garc\u00eda-Coca","robots":{"index":"index","follow":"follow","max-snippet":"max-snippet:-1","max-image-preview":"max-image-preview:large","max-video-preview":"max-video-preview:-1"},"canonical":"https:\/\/www.garcia-coca.com\/ca\/politica-de-qualitat\/","og_locale":"ca_ES","og_type":"article","og_title":"Pol\u00edtica de qualitat - Bufet Garc\u00eda-Coca","og_description":"Pol\u00edtica de qualitat &nbsp; El Bufet Garc\u00eda-Coca, amb seu al Carrer Bruc, n\u00fam. 123 de Barcelona, va comen\u00e7ar el seu cam\u00ed l\u2019any 1991 de la m\u00e0 de Fernando Garc\u00eda-Coca. Actualment, gr\u00e0cies a la incorporaci\u00f3 de diferents advocats altament capacitats, s\u2019ha especialitzat en l\u2019\u00e0mbit del dret de fam\u00edlia i de successions i s\u2019ha convertit en un [&hellip;]","og_url":"https:\/\/www.garcia-coca.com\/ca\/politica-de-qualitat\/","og_site_name":"Bufet Garc\u00eda-Coca","article_publisher":"https:\/\/www.facebook.com\/Bufet-Garca-Coca-975377212483096\/","article_modified_time":"2024-05-24T12:03:50+00:00","og_image":[{"width":2325,"height":650,"url":"https:\/\/www.garcia-coca.com\/wp-content\/uploads\/2020\/12\/Logo_trasparente_blanco.png","type":"image\/png"}],"twitter_card":"summary_large_image","twitter_misc":{"Temps estimat de lectura":"6 minuts"},"schema":{"@context":"https:\/\/schema.org","@graph":[{"@type":"WebPage","@id":"https:\/\/www.garcia-coca.com\/ca\/politica-de-qualitat\/","url":"https:\/\/www.garcia-coca.com\/ca\/politica-de-qualitat\/","name":"Pol\u00edtica de qualitat - Bufet Garc\u00eda-Coca","isPartOf":{"@id":"https:\/\/www.garcia-coca.com\/ca\/#website"},"datePublished":"2024-05-19T18:11:12+00:00","dateModified":"2024-05-24T12:03:50+00:00","breadcrumb":{"@id":"https:\/\/www.garcia-coca.com\/ca\/politica-de-qualitat\/#breadcrumb"},"inLanguage":"ca","potentialAction":[{"@type":"ReadAction","target":["https:\/\/www.garcia-coca.com\/ca\/politica-de-qualitat\/"]}]},{"@type":"BreadcrumbList","@id":"https:\/\/www.garcia-coca.com\/ca\/politica-de-qualitat\/#breadcrumb","itemListElement":[{"@type":"ListItem","position":1,"name":"Home","item":"https:\/\/www.garcia-coca.com\/ca\/"},{"@type":"ListItem","position":2,"name":"Pol\u00edtica de qualitat"}]},{"@type":"WebSite","@id":"https:\/\/www.garcia-coca.com\/ca\/#website","url":"https:\/\/www.garcia-coca.com\/ca\/","name":"Bufet Garc\u00eda-Coca","description":"Abogados de Familia y Sucesiones","publisher":{"@id":"https:\/\/www.garcia-coca.com\/ca\/#organization"},"potentialAction":[{"@type":"SearchAction","target":{"@type":"EntryPoint","urlTemplate":"https:\/\/www.garcia-coca.com\/ca\/?s={search_term_string}"},"query-input":{"@type":"PropertyValueSpecification","valueRequired":true,"valueName":"search_term_string"}}],"inLanguage":"ca"},{"@type":"Organization","@id":"https:\/\/www.garcia-coca.com\/ca\/#organization","name":"Bufet Garc\u00eda-Coca","url":"https:\/\/www.garcia-coca.com\/ca\/","logo":{"@type":"ImageObject","inLanguage":"ca","@id":"https:\/\/www.garcia-coca.com\/ca\/#\/schema\/logo\/image\/","url":"https:\/\/www.garcia-coca.com\/wp-content\/uploads\/2020\/12\/Logo_trasparente_blanco.png","contentUrl":"https:\/\/www.garcia-coca.com\/wp-content\/uploads\/2020\/12\/Logo_trasparente_blanco.png","width":2325,"height":650,"caption":"Bufet Garc\u00eda-Coca"},"image":{"@id":"https:\/\/www.garcia-coca.com\/ca\/#\/schema\/logo\/image\/"},"sameAs":["https:\/\/www.facebook.com\/Bufet-Garca-Coca-975377212483096\/","http:\/\/www.linkedin.com\/in\/fernando-garca-coca-castro-43a1b240"]}]}},"_links":{"self":[{"href":"https:\/\/www.garcia-coca.com\/ca\/wp-json\/wp\/v2\/pages\/241511","targetHints":{"allow":["GET"]}}],"collection":[{"href":"https:\/\/www.garcia-coca.com\/ca\/wp-json\/wp\/v2\/pages"}],"about":[{"href":"https:\/\/www.garcia-coca.com\/ca\/wp-json\/wp\/v2\/types\/page"}],"author":[{"embeddable":true,"href":"https:\/\/www.garcia-coca.com\/ca\/wp-json\/wp\/v2\/users\/1"}],"replies":[{"embeddable":true,"href":"https:\/\/www.garcia-coca.com\/ca\/wp-json\/wp\/v2\/comments?post=241511"}],"version-history":[{"count":0,"href":"https:\/\/www.garcia-coca.com\/ca\/wp-json\/wp\/v2\/pages\/241511\/revisions"}],"wp:attachment":[{"href":"https:\/\/www.garcia-coca.com\/ca\/wp-json\/wp\/v2\/media?parent=241511"}],"curies":[{"name":"wp","href":"https:\/\/api.w.org\/{rel}","templated":true}]}}