{"id":241541,"date":"2024-05-19T20:44:36","date_gmt":"2024-05-19T18:44:36","guid":{"rendered":"https:\/\/www.garcia-coca.com\/politica-de-privadesa\/"},"modified":"2024-05-19T20:44:38","modified_gmt":"2024-05-19T18:44:38","slug":"politica-de-privadesa","status":"publish","type":"page","link":"https:\/\/www.garcia-coca.com\/ca\/politica-de-privadesa\/","title":{"rendered":"Pol\u00edtica de privadesa"},"content":{"rendered":"<p>[et_pb_section fb_built=&#8221;1&#8243; _builder_version=&#8221;4.8.2&#8243; _module_preset=&#8221;default&#8221; background_image=&#8221;http:\/\/www.garcia-coca.com\/wp-content\/uploads\/2021\/01\/LIBROS.jpg&#8221; height=&#8221;250px&#8221;][\/et_pb_section][et_pb_section fb_built=&#8221;1&#8243; _builder_version=&#8221;4.7.3&#8243; _module_preset=&#8221;default&#8221;][et_pb_row _builder_version=&#8221;4.7.3&#8243; _module_preset=&#8221;default&#8221; custom_padding=&#8221;72px|||||&#8221;][et_pb_column type=&#8221;4_4&#8243; _builder_version=&#8221;4.7.3&#8243; _module_preset=&#8221;default&#8221;][et_pb_text _builder_version=&#8221;4.8.2&#8243; _module_preset=&#8221;default&#8221; text_font=&#8221;Open Sans||||||||&#8221; header_2_font=&#8221;Prata||||||||&#8221; header_2_text_align=&#8221;center&#8221; header_2_font_size=&#8221;30px&#8221; hover_enabled=&#8221;0&#8243; sticky_enabled=&#8221;0&#8243;]<\/p>\n<h2>Pol\u00edtica de privadesa<\/h2>\n<p>&nbsp;<\/p>\n<p style=\"text-align: justify;\">1. Les dades personals que ens faciliteu a trav\u00e9s del present formulari s\u2019incorporaran a un fitxer de titularitat de BUFET GARC\u00cdA-COCA, S.L.P., d\u2019ara endavant \u00abBUFET GARC\u00cdA-COCA\u00bb, amb CIF n\u00fam. B-63124119 i domicili al Carrer Bruc, n\u00fam. 123, entresol, CP 08037 de Barcelona, degudament inscrit al Registre General de Protecci\u00f3 de Dades, la finalitat del qual \u00e9s gestionar les dades de contacte i els serveis sol\u00b7licitats, atendre peticions i l\u2019enviament d\u2019informaci\u00f3 d\u2019inter\u00e8s mitjan\u00e7ant comunicacions electr\u00f2niques.<\/p>\n<p style=\"text-align: justify;\"><span lang=\"ES-TRAD\">2. Mitjan\u00e7ant la indicaci\u00f3 de les vostres dades i de conformitat amb all\u00f2 que estableix l\u2019article 7 del Reglament general de protecci\u00f3 de dades 2016\/679 de 27 d\u2019abril (RGPD), us informem que les vostres dades personals s\u2019inclouran en un fitxer de titularitat de <\/span><span lang=\"ES-TRAD\">BUFET GARCIA-COCA<\/span><span lang=\"ES-TRAD\">, i que consentiu expressament i de forma inequ\u00edvoca el tractament de les vostres dades per a la finalitat indicada a l\u2019apartat anterior. Si no voleu rebre comunicacions electr\u00f2niques, NO marqueu la casella per a l\u2019enviament de comunicacions.<\/span><\/p>\n<p style=\"text-align: justify;\"><span lang=\"ES-TRAD\">3.  <\/span><span lang=\"ES-TRAD\">BUFET GARCIA-COCA<\/span><span lang=\"ES-TRAD\">, es compromet a observar l\u2019obligaci\u00f3 de secret de les dades de car\u00e0cter personal que ens faciliti, a tractar-les de manera confidencial i a guardar-les adoptant les mesures necess\u00e0ries per evitar-ne l\u2019alteraci\u00f3, la p\u00e8rdua o el tractament o acc\u00e9s no autoritzats, tenint en compte tot moment de l\u2019estat de la tecnologia.<\/span><\/p>\n<p style=\"text-align: justify;\">4. La informaci\u00f3 es conservar\u00e0 de forma indefinida i no se cedir\u00e0 a tercers excepte per obligaci\u00f3 legal. Teniu dret a accedir, rectificar, limitar, cancel\u00b7lar i sol\u00b7licitar la portabilitat de les dades, mitjan\u00e7ant una sol\u00b7licitud per escrit acompanyada de la vostra identificaci\u00f3 a Carrer Bruc, n\u00fam. 123, entresol, CP 08037 de Barcelona. En cas de disconformitat, uns podreu adre\u00e7ar a les autoritats de control competents per defensar els vostres drets reconeguts. En cap cas, la revocaci\u00f3 per a l\u2019enviament d\u2019informaci\u00f3 no condiciona l\u2019execuci\u00f3 dels compromisos assumits.<\/p>\n<p>[\/et_pb_text][\/et_pb_column][\/et_pb_row][\/et_pb_section][et_pb_section fb_built=&#8221;1&#8243; _builder_version=&#8221;4.4.6&#8243; background_color=&#8221;#f2f2f2&#8243; global_module=&#8221;1144&#8243; saved_tabs=&#8221;all&#8221;][et_pb_row column_structure=&#8221;1_3,2_3&#8243; _builder_version=&#8221;4.4.5&#8243;][et_pb_column type=&#8221;1_3&#8243; _builder_version=&#8221;4.4.5&#8243;][et_pb_text _builder_version=&#8221;4.7.7&#8243; text_font=&#8221;Open Sans||||||||&#8221; header_2_font=&#8221;Prata||||||||&#8221; header_2_text_color=&#8221;#6D7C7C&#8221; header_2_letter_spacing=&#8221;2px&#8221; animation_style=&#8221;fade&#8221; header_2_text_color_last_edited=&#8221;off|desktop&#8221;]<\/p>\n<h2>Bufet GARC\u00cdA-COCA<\/h2>\n<p><span class=\"et-pb-icon\" style=\"font-size: 15px;\">\ue009<\/span> Bruc, 123 entresol &#8211; 08037 Barcelona<br \/> <span class=\"et-pb-icon\" style=\"font-size: 15px;\">\ue090<\/span> 93 208 18 88<br \/> <span class=\"et-pb-icon\" style=\"font-size: 15px;\">\ue0fa<\/span> 93 458 30 20<br \/> <span class=\"et-pb-icon\" style=\"font-size: 15px;\">\ue010<\/span> <a href=\"mailto:bufetgarciacoca@icab.es\">bufetgarciacoca@icab.es<\/a><\/p>\n<p>[\/et_pb_text][et_pb_button button_url=&#8221;https:\/\/goo.gl\/maps\/XGYmzez5bfdSDx7R6&#8243; url_new_window=&#8221;on&#8221; button_text=&#8221;LOCALITZACI\u00d3&#8221; _builder_version=&#8221;4.7.7&#8243; custom_button=&#8221;on&#8221; button_text_size=&#8221;13px&#8221; button_text_color=&#8221;#5b5b5b&#8221; button_bg_color=&#8221;#ffba60&#8243; button_border_width=&#8221;0px&#8221; button_border_color=&#8221;rgba(0,0,0,0)&#8221; button_border_radius=&#8221;0px&#8221; button_letter_spacing=&#8221;2px&#8221; button_font=&#8221;Open Sans|700|||||||&#8221; button_icon=&#8221;%%24%%&#8221; button_icon_color=&#8221;#5b5b5b&#8221; custom_margin=&#8221;-15px||||false|false&#8221; animation_style=&#8221;fade&#8221; box_shadow_style=&#8221;preset2&#8243; box_shadow_horizontal=&#8221;3px&#8221; box_shadow_vertical=&#8221;3px&#8221;][\/et_pb_button][\/et_pb_column][et_pb_column type=&#8221;2_3&#8243; _builder_version=&#8221;4.4.5&#8243;][et_pb_text _builder_version=&#8221;4.7.7&#8243; text_font=&#8221;Open Sans||||||||&#8221; animation_style=&#8221;fade&#8221;]<\/p>\n<p style=\"text-align: right;\"><a href=\"https:\/\/www.garcia-coca.com\/ca\/avis-legal\/\">Av\u00eds legal<\/a> | <a href=\"https:\/\/www.garcia-coca.com\/ca\/politica-de-privadesa\/\">Pol\u00edtica de privadesa<\/a> | <a href=\"https:\/\/www.garcia-coca.com\/ca\/politica-de-cookies\/\">Pol\u00edtica de cookies<\/a> | <a href=\"https:\/\/www.garcia-coca.com\/ca\/condicions-us-lloc-web\/\">Condiciones d&#8217;\u00fas del lloc web<\/a><\/p>\n<p>[\/et_pb_text][et_pb_divider color=&#8221;#b3b3b3&#8243; _builder_version=&#8221;4.7.7&#8243; custom_margin=&#8221;-7px||||false|false&#8221; custom_padding=&#8221;0px||||false|false&#8221; animation_style=&#8221;fade&#8221;][\/et_pb_divider][et_pb_social_media_follow _builder_version=&#8221;4.7.7&#8243; text_orientation=&#8221;right&#8221; custom_margin=&#8221;-22px||||false|false&#8221; animation_style=&#8221;fade&#8221;][et_pb_social_media_follow_network social_network=&#8221;facebook&#8221; url=&#8221;https:\/\/www.facebook.com\/Bufet-Garc%C3%ADa-Coca-975377212483096\/&#8221; _builder_version=&#8221;4.4.5&#8243; background_color=&#8221;#3b5998&#8243; follow_button=&#8221;off&#8221; url_new_window=&#8221;on&#8221;]facebook[\/et_pb_social_media_follow_network][et_pb_social_media_follow_network social_network=&#8221;linkedin&#8221; url=&#8221;http:\/\/www.linkedin.com\/in\/fernando-garc\u00eda-coca-castro-43a1b240&#8243; _builder_version=&#8221;4.6.6&#8243; background_color=&#8221;#007bb6&#8243; follow_button=&#8221;off&#8221; url_new_window=&#8221;on&#8221;]linkedin[\/et_pb_social_media_follow_network][\/et_pb_social_media_follow][\/et_pb_column][\/et_pb_row][\/et_pb_section]<\/p>\n","protected":false},"excerpt":{"rendered":"<p>Pol\u00edtica de privadesa &nbsp; 1. Les dades personals que ens faciliteu a trav\u00e9s del present formulari s\u2019incorporaran a un fitxer de titularitat de BUFET GARC\u00cdA-COCA, S.L.P., d\u2019ara endavant \u00abBUFET GARC\u00cdA-COCA\u00bb, amb CIF n\u00fam. B-63124119 i domicili al Carrer Bruc, n\u00fam. 123, entresol, CP 08037 de Barcelona, degudament inscrit al Registre General de Protecci\u00f3 de Dades, [&hellip;]<\/p>\n","protected":false},"author":1,"featured_media":0,"parent":0,"menu_order":0,"comment_status":"closed","ping_status":"closed","template":"","meta":{"_et_pb_use_builder":"on","_et_pb_old_content":"","_et_gb_content_width":"","footnotes":""},"class_list":["post-241541","page","type-page","status-publish","hentry"],"yoast_head":"<!-- This site is optimized with the Yoast SEO plugin v27.4 - https:\/\/yoast.com\/product\/yoast-seo-wordpress\/ -->\n<title>Pol\u00edtica de privadesa - Bufet Garc\u00eda-Coca<\/title>\n<meta name=\"robots\" content=\"index, follow, max-snippet:-1, max-image-preview:large, max-video-preview:-1\" \/>\n<link rel=\"canonical\" href=\"https:\/\/www.garcia-coca.com\/ca\/politica-de-privadesa\/\" \/>\n<meta property=\"og:locale\" content=\"ca_ES\" \/>\n<meta property=\"og:type\" content=\"article\" \/>\n<meta property=\"og:title\" content=\"Pol\u00edtica de privadesa - Bufet Garc\u00eda-Coca\" \/>\n<meta property=\"og:description\" content=\"Pol\u00edtica de privadesa &nbsp; 1. Les dades personals que ens faciliteu a trav\u00e9s del present formulari s\u2019incorporaran a un fitxer de titularitat de BUFET GARC\u00cdA-COCA, S.L.P., d\u2019ara endavant \u00abBUFET GARC\u00cdA-COCA\u00bb, amb CIF n\u00fam. B-63124119 i domicili al Carrer Bruc, n\u00fam. 123, entresol, CP 08037 de Barcelona, degudament inscrit al Registre General de Protecci\u00f3 de Dades, [&hellip;]\" \/>\n<meta property=\"og:url\" content=\"https:\/\/www.garcia-coca.com\/ca\/politica-de-privadesa\/\" \/>\n<meta property=\"og:site_name\" content=\"Bufet Garc\u00eda-Coca\" \/>\n<meta property=\"article:publisher\" content=\"https:\/\/www.facebook.com\/Bufet-Garca-Coca-975377212483096\/\" \/>\n<meta property=\"article:modified_time\" content=\"2024-05-19T18:44:38+00:00\" \/>\n<meta property=\"og:image\" content=\"https:\/\/www.garcia-coca.com\/wp-content\/uploads\/2020\/12\/Logo_trasparente_blanco.png\" \/>\n\t<meta property=\"og:image:width\" content=\"2325\" \/>\n\t<meta property=\"og:image:height\" content=\"650\" \/>\n\t<meta property=\"og:image:type\" content=\"image\/png\" \/>\n<meta name=\"twitter:card\" content=\"summary_large_image\" \/>\n<meta name=\"twitter:label1\" content=\"Temps estimat de lectura\" \/>\n\t<meta name=\"twitter:data1\" content=\"4 minuts\" \/>\n<script type=\"application\/ld+json\" class=\"yoast-schema-graph\">{\"@context\":\"https:\\\/\\\/schema.org\",\"@graph\":[{\"@type\":\"WebPage\",\"@id\":\"https:\\\/\\\/www.garcia-coca.com\\\/ca\\\/politica-de-privadesa\\\/\",\"url\":\"https:\\\/\\\/www.garcia-coca.com\\\/ca\\\/politica-de-privadesa\\\/\",\"name\":\"Pol\u00edtica de privadesa - Bufet Garc\u00eda-Coca\",\"isPartOf\":{\"@id\":\"https:\\\/\\\/www.garcia-coca.com\\\/ca\\\/#website\"},\"datePublished\":\"2024-05-19T18:44:36+00:00\",\"dateModified\":\"2024-05-19T18:44:38+00:00\",\"breadcrumb\":{\"@id\":\"https:\\\/\\\/www.garcia-coca.com\\\/ca\\\/politica-de-privadesa\\\/#breadcrumb\"},\"inLanguage\":\"ca\",\"potentialAction\":[{\"@type\":\"ReadAction\",\"target\":[\"https:\\\/\\\/www.garcia-coca.com\\\/ca\\\/politica-de-privadesa\\\/\"]}]},{\"@type\":\"BreadcrumbList\",\"@id\":\"https:\\\/\\\/www.garcia-coca.com\\\/ca\\\/politica-de-privadesa\\\/#breadcrumb\",\"itemListElement\":[{\"@type\":\"ListItem\",\"position\":1,\"name\":\"Home\",\"item\":\"https:\\\/\\\/www.garcia-coca.com\\\/ca\\\/\"},{\"@type\":\"ListItem\",\"position\":2,\"name\":\"Pol\u00edtica de privadesa\"}]},{\"@type\":\"WebSite\",\"@id\":\"https:\\\/\\\/www.garcia-coca.com\\\/ca\\\/#website\",\"url\":\"https:\\\/\\\/www.garcia-coca.com\\\/ca\\\/\",\"name\":\"Bufet Garc\u00eda-Coca\",\"description\":\"Abogados de Familia y Sucesiones\",\"publisher\":{\"@id\":\"https:\\\/\\\/www.garcia-coca.com\\\/ca\\\/#organization\"},\"potentialAction\":[{\"@type\":\"SearchAction\",\"target\":{\"@type\":\"EntryPoint\",\"urlTemplate\":\"https:\\\/\\\/www.garcia-coca.com\\\/ca\\\/?s={search_term_string}\"},\"query-input\":{\"@type\":\"PropertyValueSpecification\",\"valueRequired\":true,\"valueName\":\"search_term_string\"}}],\"inLanguage\":\"ca\"},{\"@type\":\"Organization\",\"@id\":\"https:\\\/\\\/www.garcia-coca.com\\\/ca\\\/#organization\",\"name\":\"Bufet Garc\u00eda-Coca\",\"url\":\"https:\\\/\\\/www.garcia-coca.com\\\/ca\\\/\",\"logo\":{\"@type\":\"ImageObject\",\"inLanguage\":\"ca\",\"@id\":\"https:\\\/\\\/www.garcia-coca.com\\\/ca\\\/#\\\/schema\\\/logo\\\/image\\\/\",\"url\":\"https:\\\/\\\/www.garcia-coca.com\\\/wp-content\\\/uploads\\\/2020\\\/12\\\/Logo_trasparente_blanco.png\",\"contentUrl\":\"https:\\\/\\\/www.garcia-coca.com\\\/wp-content\\\/uploads\\\/2020\\\/12\\\/Logo_trasparente_blanco.png\",\"width\":2325,\"height\":650,\"caption\":\"Bufet Garc\u00eda-Coca\"},\"image\":{\"@id\":\"https:\\\/\\\/www.garcia-coca.com\\\/ca\\\/#\\\/schema\\\/logo\\\/image\\\/\"},\"sameAs\":[\"https:\\\/\\\/www.facebook.com\\\/Bufet-Garca-Coca-975377212483096\\\/\",\"http:\\\/\\\/www.linkedin.com\\\/in\\\/fernando-garca-coca-castro-43a1b240\"]}]}<\/script>\n<!-- \/ Yoast SEO plugin. -->","yoast_head_json":{"title":"Pol\u00edtica de privadesa - Bufet Garc\u00eda-Coca","robots":{"index":"index","follow":"follow","max-snippet":"max-snippet:-1","max-image-preview":"max-image-preview:large","max-video-preview":"max-video-preview:-1"},"canonical":"https:\/\/www.garcia-coca.com\/ca\/politica-de-privadesa\/","og_locale":"ca_ES","og_type":"article","og_title":"Pol\u00edtica de privadesa - Bufet Garc\u00eda-Coca","og_description":"Pol\u00edtica de privadesa &nbsp; 1. Les dades personals que ens faciliteu a trav\u00e9s del present formulari s\u2019incorporaran a un fitxer de titularitat de BUFET GARC\u00cdA-COCA, S.L.P., d\u2019ara endavant \u00abBUFET GARC\u00cdA-COCA\u00bb, amb CIF n\u00fam. B-63124119 i domicili al Carrer Bruc, n\u00fam. 123, entresol, CP 08037 de Barcelona, degudament inscrit al Registre General de Protecci\u00f3 de Dades, [&hellip;]","og_url":"https:\/\/www.garcia-coca.com\/ca\/politica-de-privadesa\/","og_site_name":"Bufet Garc\u00eda-Coca","article_publisher":"https:\/\/www.facebook.com\/Bufet-Garca-Coca-975377212483096\/","article_modified_time":"2024-05-19T18:44:38+00:00","og_image":[{"width":2325,"height":650,"url":"https:\/\/www.garcia-coca.com\/wp-content\/uploads\/2020\/12\/Logo_trasparente_blanco.png","type":"image\/png"}],"twitter_card":"summary_large_image","twitter_misc":{"Temps estimat de lectura":"4 minuts"},"schema":{"@context":"https:\/\/schema.org","@graph":[{"@type":"WebPage","@id":"https:\/\/www.garcia-coca.com\/ca\/politica-de-privadesa\/","url":"https:\/\/www.garcia-coca.com\/ca\/politica-de-privadesa\/","name":"Pol\u00edtica de privadesa - Bufet Garc\u00eda-Coca","isPartOf":{"@id":"https:\/\/www.garcia-coca.com\/ca\/#website"},"datePublished":"2024-05-19T18:44:36+00:00","dateModified":"2024-05-19T18:44:38+00:00","breadcrumb":{"@id":"https:\/\/www.garcia-coca.com\/ca\/politica-de-privadesa\/#breadcrumb"},"inLanguage":"ca","potentialAction":[{"@type":"ReadAction","target":["https:\/\/www.garcia-coca.com\/ca\/politica-de-privadesa\/"]}]},{"@type":"BreadcrumbList","@id":"https:\/\/www.garcia-coca.com\/ca\/politica-de-privadesa\/#breadcrumb","itemListElement":[{"@type":"ListItem","position":1,"name":"Home","item":"https:\/\/www.garcia-coca.com\/ca\/"},{"@type":"ListItem","position":2,"name":"Pol\u00edtica de privadesa"}]},{"@type":"WebSite","@id":"https:\/\/www.garcia-coca.com\/ca\/#website","url":"https:\/\/www.garcia-coca.com\/ca\/","name":"Bufet Garc\u00eda-Coca","description":"Abogados de Familia y Sucesiones","publisher":{"@id":"https:\/\/www.garcia-coca.com\/ca\/#organization"},"potentialAction":[{"@type":"SearchAction","target":{"@type":"EntryPoint","urlTemplate":"https:\/\/www.garcia-coca.com\/ca\/?s={search_term_string}"},"query-input":{"@type":"PropertyValueSpecification","valueRequired":true,"valueName":"search_term_string"}}],"inLanguage":"ca"},{"@type":"Organization","@id":"https:\/\/www.garcia-coca.com\/ca\/#organization","name":"Bufet Garc\u00eda-Coca","url":"https:\/\/www.garcia-coca.com\/ca\/","logo":{"@type":"ImageObject","inLanguage":"ca","@id":"https:\/\/www.garcia-coca.com\/ca\/#\/schema\/logo\/image\/","url":"https:\/\/www.garcia-coca.com\/wp-content\/uploads\/2020\/12\/Logo_trasparente_blanco.png","contentUrl":"https:\/\/www.garcia-coca.com\/wp-content\/uploads\/2020\/12\/Logo_trasparente_blanco.png","width":2325,"height":650,"caption":"Bufet Garc\u00eda-Coca"},"image":{"@id":"https:\/\/www.garcia-coca.com\/ca\/#\/schema\/logo\/image\/"},"sameAs":["https:\/\/www.facebook.com\/Bufet-Garca-Coca-975377212483096\/","http:\/\/www.linkedin.com\/in\/fernando-garca-coca-castro-43a1b240"]}]}},"_links":{"self":[{"href":"https:\/\/www.garcia-coca.com\/ca\/wp-json\/wp\/v2\/pages\/241541","targetHints":{"allow":["GET"]}}],"collection":[{"href":"https:\/\/www.garcia-coca.com\/ca\/wp-json\/wp\/v2\/pages"}],"about":[{"href":"https:\/\/www.garcia-coca.com\/ca\/wp-json\/wp\/v2\/types\/page"}],"author":[{"embeddable":true,"href":"https:\/\/www.garcia-coca.com\/ca\/wp-json\/wp\/v2\/users\/1"}],"replies":[{"embeddable":true,"href":"https:\/\/www.garcia-coca.com\/ca\/wp-json\/wp\/v2\/comments?post=241541"}],"version-history":[{"count":0,"href":"https:\/\/www.garcia-coca.com\/ca\/wp-json\/wp\/v2\/pages\/241541\/revisions"}],"wp:attachment":[{"href":"https:\/\/www.garcia-coca.com\/ca\/wp-json\/wp\/v2\/media?parent=241541"}],"curies":[{"name":"wp","href":"https:\/\/api.w.org\/{rel}","templated":true}]}}