{"id":241576,"date":"2024-05-20T16:29:02","date_gmt":"2024-05-20T14:29:02","guid":{"rendered":"https:\/\/www.garcia-coca.com\/politica-de-cookies-2\/"},"modified":"2024-07-04T19:34:00","modified_gmt":"2024-07-04T17:34:00","slug":"politica-de-cookies","status":"publish","type":"page","link":"https:\/\/www.garcia-coca.com\/ca\/politica-de-cookies\/","title":{"rendered":"Pol\u00edtica de cookies"},"content":{"rendered":"<p>[et_pb_section fb_built=&#8221;1&#8243; _builder_version=&#8221;4.16&#8243; _module_preset=&#8221;default&#8221; background_image=&#8221;http:\/\/www.garcia-coca.com\/wp-content\/uploads\/2021\/01\/LIBROS.jpg&#8221; height=&#8221;250px&#8221; global_colors_info=&#8221;{}&#8221;][\/et_pb_section][et_pb_section fb_built=&#8221;1&#8243; _builder_version=&#8221;4.16&#8243; _module_preset=&#8221;default&#8221; global_colors_info=&#8221;{}&#8221;][et_pb_row _builder_version=&#8221;4.16&#8243; _module_preset=&#8221;default&#8221; global_colors_info=&#8221;{}&#8221;][et_pb_column type=&#8221;4_4&#8243; _builder_version=&#8221;4.16&#8243; _module_preset=&#8221;default&#8221; global_colors_info=&#8221;{}&#8221;][et_pb_text module_class=&#8221;hyperlink-color&#8221; _builder_version=&#8221;4.25.1&#8243; _module_preset=&#8221;default&#8221; text_font=&#8221;Open Sans||||||||&#8221; header_2_font=&#8221;Prata||||||||&#8221; header_2_text_align=&#8221;center&#8221; header_2_font_size=&#8221;30px&#8221; hover_enabled=&#8221;0&#8243; global_colors_info=&#8221;{}&#8221; sticky_enabled=&#8221;0&#8243;]<\/p>\n<h2>Pol\u00edtica de cookies<\/h2>\n<p>\u00a0<\/p>\n<p style=\"text-align: justify;\">En compliment de la Llei 34\/2002, d\u201911 de juliol, de serveis de la societat de la informaci\u00f3 i del comer\u00e7 electr\u00f2nic, de la Directiva 2009\/136 CE de 12 de juliol, seguint les directrius de l\u2019Ag\u00e8ncia Espanyola de Protecci\u00f3 de Dades i del que estableix el nou Reglament europeu de protecci\u00f3 de dades 2016\/679 CE, us informem que al web \u00abhttps:\/\/www.garcia-coca.com\u00bb utilitzem cookies per facilitar la relaci\u00f3 dels visitants amb el nostre contingut i per permetre elaborar estad\u00edstiques sobre les visites rebudes. Aquestes cookies poden ser pr\u00f2pies i de tercers, persistents amb la finalitat de millorar el servei prestat.<\/p>\n<p style=\"text-align: justify;\">La majoria dels navegadors accepten les cookies per defecte i, independentment d\u2019aquestes, poden permetre o bloquejar les cookies temporals o memoritzades mitjan\u00e7ant la configuraci\u00f3 de seguretat.<\/p>\n<p style=\"text-align: justify;\">Sense el vostre consentiment expr\u00e9s (mitjan\u00e7ant l\u2019activaci\u00f3 de les cookies al vostre navegador) <strong>BUFET GARCIA-COCA, S.L.P.<\/strong>no enlla\u00e7ar\u00e0 a les cookies les dades memoritzades amb les vostres dades personals proporcionades en el moment del registre o la compra.<\/p>\n<p style=\"text-align: justify;\"><strong>Qu\u00e8 son les cookies?<\/strong><\/p>\n<p style=\"text-align: justify;\"><span lang=\"ES-TRAD\">Les cookies s\u00f3n uns petits fitxers que s\u2019emmagatzemen al navegador que utilitza cada visitant del nostre lloc web perqu\u00e8 el servidor recordi la visita d\u2019aquest usuari amb posterioritat, quan torni a accedir als nostres continguts. Les cookies permeten que un lloc web, entre d\u2019altres, emmagatzemi i recuperi informaci\u00f3 sobre els h\u00e0bits de navegaci\u00f3 d\u2019un usuari o del seu equip per oferir un millor servei a trav\u00e9s del lloc web, en funci\u00f3 del tipus de navegaci\u00f3. Aquesta informaci\u00f3 no revela la identitat del visitant ni cap dada personal, ni accedeix al contingut emmagatzemat al vostre ordinador, per\u00f2 s\u00ed permet que el nostre sistema identifiqui un usuari determinat que ja va visitar el web, va visualitzar determinades p\u00e0gines, etc. A m\u00e9s, permet desar les prefer\u00e8ncies personals i la informaci\u00f3 t\u00e8cnica, com les visites realitzades o les p\u00e0gines concretes que l\u2019usuari visita.<\/span><\/p>\n<p style=\"text-align: justify;\"><strong><span lang=\"ES-TRAD\">Qui gestiona les cookies i tipus de cookies utilitzades al lloc web?<\/span><\/strong><\/p>\n<p style=\"text-align: justify;\"><span lang=\"ES-TRAD\">Les cookies les gestiona el mateix editor del lloc web (cookies pr\u00f2pies) i s\u2019utilitzen els tipus seg\u00fcents:<\/span><\/p>\n<p style=\"text-align: justify;\">&#8211; <strong>Cookies t\u00e8cniques<\/strong>: <span lang=\"ES-TRAD\">S\u00f3n les que permeten que l\u2019usuari navegui per un lloc web, plataforma o aplicaci\u00f3 i que utilitzi les diferents opcions o serveis que hi hagi, per exemple: controlar el tr\u00e0nsit i la comunicaci\u00f3 de dades, identificar la sessi\u00f3, accedir a parts d\u2019acc\u00e9s restringit, recordar els elements que integren una comanda, dur a terme el proc\u00e9s de compra d\u2019una comanda, fer la sol\u00b7licitud d\u2019inscripci\u00f3 o de participaci\u00f3 a un esdeveniment, utilitzar elements de seguretat durant la navegaci\u00f3, emmagatzemar continguts per difondre v\u00eddeos o so, o compartir continguts a trav\u00e9s de xarxes socials.<\/span><\/p>\n<p style=\"text-align: justify;\">&#8211; <strong>Cookies de personalitzaci\u00f3<\/strong>: <span lang=\"ES-TRAD\">S\u00f3n les que permeten que l\u2019usuari accedeixi al servei amb algunes caracter\u00edstiques generals predefinides en funci\u00f3 d\u2019una s\u00e8rie de criteris al terminal de l\u2019usuari, com l\u2019idioma, el tipus de navegador a trav\u00e9s del qual accedeix al servei, la configuraci\u00f3 regional des d\u2019on accedeix al servei, etc.<\/span><\/p>\n<p style=\"text-align: justify;\">&#8211; <strong>Cookies d&#8217;an\u00e0lisi<\/strong>: <span lang=\"ES-TRAD\">S\u00f3n les que, quan estan correctament tractades per part nostra o de tercers, ens permeten quantificar el nombre d\u2019usuaris i aix\u00ed mesurar i realitzar l\u2019an\u00e0lisi estad\u00edstica de l\u2019\u00fas que fan els usuaris del servei ofert. Amb aquest objectiu, s\u2019analitza la vostra navegaci\u00f3 al nostre lloc web per tal de millorar la nostra oferta de productes o serveis.<\/span><\/p>\n<p style=\"text-align: justify;\">&#8211;  <strong>Cookies de tercers<\/strong>: <span lang=\"ES-TRAD\">El lloc web <\/span><span lang=\"ES-TRAD\">http:\/\/www.garcia-coca.com  <\/span><span lang=\"ES-TRAD\">pot utilitzar serveis de tercers que, per compte de <b>BUFET GARCIA-COCA, S.L.P., <\/b>recopilaran informaci\u00f3 amb finalitats estad\u00edstiques, d\u2019\u00fas del lloc web per part de l\u2019usuari i per prestar altres serveis relacionats amb l\u2019activitat del lloc web i altres serveis d\u2019Internet. <\/span><\/p>\n<p style=\"text-align: justify;\"><strong>Qu\u00e8 son les cookies de tercers i quina finalitat tenen?<\/strong><\/p>\n<p style=\"text-align: justify;\">Cookies anal\u00edtiques de tercers: s\u00f3n les que permeten que el responsable de les cookies dugui a terme un seguiment i an\u00e0lisi del comportament dels usuaris dels llocs web. S\u2019utilitzen per mesurar l\u2019activitat del lloc web i per crear perfils de navegaci\u00f3 dels usuaris; en qualsevol cas, la informaci\u00f3 tractada pel tercer esmentat sempre es dur\u00e0 a terme amb finalitats estad\u00edstiques no ser\u00e0 possible identificar els visitants del lloc web.<\/p>\n<p style=\"text-align: justify;\">En particular, aquest lloc web utilitza Google Analytics, un servei anal\u00edtic de llocs web prestat per Google, Inc. amb domicili als Estats Units i seu central a: 1600 Amphitheatre Parkway, Mountain View, Calif\u00f2rnia 94043. Per prestar aquests serveis, s\u2019utilitzen cookies que recopilen la informaci\u00f3, inclosa l\u2019adre\u00e7a IP de l\u2019usuari, que ser\u00e0 transmesa, tractada i emmagatzemada per Google d\u2019acord amb els termes fixats al lloc web Google.com. Es contempla la possible transmissi\u00f3 de la informaci\u00f3 a tercers per obligaci\u00f3 legal o quan aquests tercers processin la informaci\u00f3 per compte de Google.<\/p>\n<p style=\"text-align: justify;\">Si no voleu que s\u2019emmagatzemin cookies al vostre navegador o si preferiu rebre una notificaci\u00f3 cada vegada que se sol\u00b7liciti la instal\u00b7laci\u00f3 d\u2019una cookie, podeu configurar les vostres opcions de navegaci\u00f3 perqu\u00e8 es faci d\u2019aquesta manera.<\/p>\n<p style=\"text-align: justify;\">Pel que fa a les cookies de tercers, \u00e9s a dir, les que s\u00f3n alienes al nostre lloc web, no podem fer-nos responsables del contingut i la veracitat de les pol\u00edtiques de privadesa que aquests llocs web inclouen, de manera que la informaci\u00f3 que us oferim sempre inclou una refer\u00e8ncia a la font.<\/p>\n<p style=\"text-align: justify;\"><strong>Permetre, bloquejar o eliminar cookies<\/strong><\/p>\n<p style=\"text-align: justify;\"><span lang=\"ES-TRAD\">Podeu permetre, bloquejar o eliminar les cookies instal\u00b7lades al vostre equip mitjan\u00e7ant la configuraci\u00f3 de les opcions del navegador instal\u00b7lat al vostre ordinador. Per fer servir aquest lloc web, l\u2019Usuari accepta expressament el tractament de la informaci\u00f3 demanada en la forma i amb les finalitats esmentades anteriorment. L\u2019Usuari tamb\u00e9 reconeix que t\u00e9 const\u00e0ncia de la possibilitat de rebutjar el tractament d\u2019aquestes dades o informaci\u00f3 rebutjant l\u2019\u00fas de cookies mitjan\u00e7ant la selecci\u00f3 de la configuraci\u00f3 apropiada amb aquesta finalitat al seu navegador. Si b\u00e9 aquesta opci\u00f3 de bloqueig de cookies al vostre navegador no us permet fer un \u00fas ple de totes les funcionalitats del lloc web, el podeu aplicar a partir de les seg\u00fcents indicacions, en funci\u00f3 del navegador que utilitzeu:<\/span><\/p>\n<p style=\"text-align: justify;\"><em>Firefox: <\/em><em><a href=\"https:\/\/support.mozilla.org\/es\/kb\/Deshabilitar%20cookies%20de%20terceros\" target=\"_blank\" rel=\"noopener noreferrer\">https:\/\/support.mozilla.org\/es\/kb\/Deshabilitar%20cookies%20de%20terceros<\/a><\/em><\/p>\n<p style=\"text-align: justify;\"><em>Chrome: <\/em><em><a href=\"https:\/\/support.google.com\/chrome\/answer\/95647?co=GENIE.Platform%3DDesktop&#038;hl=es\" target=\"_blank\" rel=\"noopener noreferrer\">https:\/\/support.google.com\/chrome\/answer\/95647?co=GENIE.Platform%3DDesktop&#038;hl=es<\/a><\/em><\/p>\n<p style=\"text-align: justify;\"><em>Safari: <\/em><em><a href=\"https:\/\/support.apple.com\/es-es\/guide\/safari\/sfri11471\/mac\" target=\"_blank\" rel=\"noopener noreferrer\">https:\/\/support.apple.com\/es-es\/guide\/safari\/sfri11471\/machttps:\/\/support.apple.com\/kb\/ph21411?locale=es_ES<\/a><\/em><\/p>\n<p style=\"text-align: justify;\"><em>Internet Explorer: <\/em><em><a href=\"https:\/\/support.microsoft.com\/es-es\/help\/17442\/windows-internet-explorer-delete-manage-cookies\" target=\"_blank\" rel=\"noopener noreferrer\">https:\/\/support.microsoft.com\/es-es\/help\/17442\/windows-internet-explorer-delete-manage-cookies<\/a><\/em><\/p>\n<p>[\/et_pb_text][\/et_pb_column][\/et_pb_row][\/et_pb_section][et_pb_section fb_built=&#8221;1&#8243; _builder_version=&#8221;4.16&#8243; background_color=&#8221;#eaeaea&#8221; global_module=&#8221;1144&#8243; saved_tabs=&#8221;all&#8221; global_colors_info=&#8221;{}&#8221;][et_pb_row column_structure=&#8221;1_3,2_3&#8243; _builder_version=&#8221;4.16&#8243; global_colors_info=&#8221;{}&#8221;][et_pb_column type=&#8221;1_3&#8243; _builder_version=&#8221;4.16&#8243; global_colors_info=&#8221;{}&#8221;][et_pb_text module_class=&#8221;hyperlink-color&#8221; _builder_version=&#8221;4.17.3&#8243; text_font=&#8221;Open Sans||||||||&#8221; text_text_color=&#8221;#666666&#8243; link_font=&#8221;Open Sans||||||||&#8221; link_text_color=&#8221;#666666&#8243; header_2_font=&#8221;Prata||||||||&#8221; header_2_text_color=&#8221;#666666&#8243; header_2_letter_spacing=&#8221;2px&#8221; header_3_font=&#8221;Prata||||||||&#8221; header_3_text_color=&#8221;#666666&#8243; animation_style=&#8221;fade&#8221; header_2_text_color_last_edited=&#8221;off|desktop&#8221; global_colors_info=&#8221;{}&#8221;]<\/p>\n<h3>Bufet GARC\u00cdA-COCA<\/h3>\n<p>Bruc, 123 entresol<br \/>08037 BARCELONA<br \/><span class=\"et-pb-icon\" style=\"font-size: 15px;\">\ue090<\/span> 93 208 18 88<br \/><span class=\"et-pb-icon\" style=\"font-size: 15px;\">\ue0fa<\/span> 93 458 30 20<br \/><span class=\"et-pb-icon\" style=\"font-size: 15px;\">\ue010<\/span> <a href=\"mailto:bufetgarciacoca@icab.es\">bufetgarciacoca@icab.es<\/a><\/p>\n<p>[\/et_pb_text][et_pb_button button_url=&#8221;https:\/\/goo.gl\/maps\/XGYmzez5bfdSDx7R6&#8243; url_new_window=&#8221;on&#8221; button_text=&#8221;LOCALITZACI\u00d3&#8221; _builder_version=&#8221;4.17.3&#8243; custom_button=&#8221;on&#8221; button_text_size=&#8221;13px&#8221; button_text_color=&#8221;#5b5b5b&#8221; button_bg_color=&#8221;#ffba60&#8243; button_border_width=&#8221;0px&#8221; button_border_color=&#8221;rgba(0,0,0,0)&#8221; button_border_radius=&#8221;0px&#8221; button_letter_spacing=&#8221;2px&#8221; button_font=&#8221;Open Sans|700|||||||&#8221; button_icon=&#8221;&#x39;||divi||400&#8243; button_icon_color=&#8221;#5b5b5b&#8221; custom_margin=&#8221;-15px||||false|false&#8221; animation_style=&#8221;fade&#8221; box_shadow_style=&#8221;preset2&#8243; box_shadow_horizontal=&#8221;3px&#8221; box_shadow_vertical=&#8221;3px&#8221; global_colors_info=&#8221;{}&#8221;][\/et_pb_button][\/et_pb_column][et_pb_column type=&#8221;2_3&#8243; _builder_version=&#8221;4.16&#8243; global_colors_info=&#8221;{}&#8221;][et_pb_social_media_follow _builder_version=&#8221;4.16&#8243; text_orientation=&#8221;right&#8221; custom_margin=&#8221;||10px||false|false&#8221; animation_style=&#8221;fade&#8221; locked=&#8221;off&#8221; global_colors_info=&#8221;{}&#8221;][et_pb_social_media_follow_network social_network=&#8221;facebook&#8221; url=&#8221;https:\/\/www.facebook.com\/Bufet-Garc%C3%ADa-Coca-975377212483096\/&#8221; _builder_version=&#8221;4.16&#8243; background_color=&#8221;#3b5998&#8243; global_colors_info=&#8221;{}&#8221; follow_button=&#8221;off&#8221; url_new_window=&#8221;on&#8221;]facebook[\/et_pb_social_media_follow_network][et_pb_social_media_follow_network social_network=&#8221;linkedin&#8221; url=&#8221;http:\/\/www.linkedin.com\/in\/fernando-garc\u00eda-coca-castro-43a1b240&#8243; _builder_version=&#8221;4.16&#8243; background_color=&#8221;#007bb6&#8243; global_colors_info=&#8221;{}&#8221; follow_button=&#8221;off&#8221; url_new_window=&#8221;on&#8221;]linkedin[\/et_pb_social_media_follow_network][\/et_pb_social_media_follow][et_pb_divider color=&#8221;#b3b3b3&#8243; _builder_version=&#8221;4.16&#8243; custom_margin=&#8221;|||-13px|false|false&#8221; animation_style=&#8221;fade&#8221; locked=&#8221;off&#8221; global_colors_info=&#8221;{}&#8221;][\/et_pb_divider][et_pb_text module_class=&#8221;hyperlink-color&#8221; _builder_version=&#8221;4.18.1&#8243; text_font=&#8221;Open Sans||||||||&#8221; text_text_color=&#8221;#666666&#8243; custom_margin=&#8221;-40px|||-13px|false|false&#8221; animation_style=&#8221;fade&#8221; locked=&#8221;off&#8221; global_colors_info=&#8221;{}&#8221;]<\/p>\n<p style=\"text-align: left;\"><a href=\"https:\/\/www.garcia-coca.com\/ca\/avis-legal\/\">Av\u00eds legal<\/a> | <a href=\"https:\/\/www.garcia-coca.com\/ca\/politica-de-privadesa\/\">Pol\u00edtica de privadesa<\/a> | <a href=\"https:\/\/www.garcia-coca.com\/ca\/politica-de-cookies-2\/\">Pol\u00edtica de cookies<\/a> | <a href=\"https:\/\/www.garcia-coca.com\/ca\/condicions-dus-del-lloc-web\/\">Condicions d&#8217;\u00fas del lloc web<\/a> | <a href=\"https:\/\/www.garcia-coca.com\/ca\/politica-de-qualitat\/\">Pol\u00edtica de qualitat<\/a><\/p>\n<p>[\/et_pb_text][et_pb_divider color=&#8221;#b3b3b3&#8243; _builder_version=&#8221;4.17.3&#8243; custom_margin=&#8221;-17px|||-13px|false|false&#8221; animation_style=&#8221;fade&#8221; locked=&#8221;off&#8221; global_colors_info=&#8221;{}&#8221;][\/et_pb_divider][\/et_pb_column][\/et_pb_row][\/et_pb_section]<\/p>\n","protected":false},"excerpt":{"rendered":"<p>Pol\u00edtica de cookies \u00a0 En compliment de la Llei 34\/2002, d\u201911 de juliol, de serveis de la societat de la informaci\u00f3 i del comer\u00e7 electr\u00f2nic, de la Directiva 2009\/136 CE de 12 de juliol, seguint les directrius de l\u2019Ag\u00e8ncia Espanyola de Protecci\u00f3 de Dades i del que estableix el nou Reglament europeu de protecci\u00f3 de [&hellip;]<\/p>\n","protected":false},"author":1,"featured_media":0,"parent":0,"menu_order":0,"comment_status":"closed","ping_status":"closed","template":"","meta":{"_et_pb_use_builder":"on","_et_pb_old_content":"","_et_gb_content_width":"","footnotes":""},"class_list":["post-241576","page","type-page","status-publish","hentry"],"yoast_head":"<!-- This site is optimized with the Yoast SEO plugin v27.4 - https:\/\/yoast.com\/product\/yoast-seo-wordpress\/ -->\n<title>Pol\u00edtica de cookies - Bufet Garc\u00eda-Coca<\/title>\n<meta name=\"robots\" content=\"index, follow, max-snippet:-1, max-image-preview:large, max-video-preview:-1\" \/>\n<link rel=\"canonical\" href=\"https:\/\/www.garcia-coca.com\/ca\/politica-de-cookies\/\" \/>\n<meta property=\"og:locale\" content=\"ca_ES\" \/>\n<meta property=\"og:type\" content=\"article\" \/>\n<meta property=\"og:title\" content=\"Pol\u00edtica de cookies - Bufet Garc\u00eda-Coca\" \/>\n<meta property=\"og:description\" content=\"Pol\u00edtica de cookies \u00a0 En compliment de la Llei 34\/2002, d\u201911 de juliol, de serveis de la societat de la informaci\u00f3 i del comer\u00e7 electr\u00f2nic, de la Directiva 2009\/136 CE de 12 de juliol, seguint les directrius de l\u2019Ag\u00e8ncia Espanyola de Protecci\u00f3 de Dades i del que estableix el nou Reglament europeu de protecci\u00f3 de [&hellip;]\" \/>\n<meta property=\"og:url\" content=\"https:\/\/www.garcia-coca.com\/ca\/politica-de-cookies\/\" \/>\n<meta property=\"og:site_name\" content=\"Bufet Garc\u00eda-Coca\" \/>\n<meta property=\"article:publisher\" content=\"https:\/\/www.facebook.com\/Bufet-Garca-Coca-975377212483096\/\" \/>\n<meta property=\"article:modified_time\" content=\"2024-07-04T17:34:00+00:00\" \/>\n<meta property=\"og:image\" content=\"https:\/\/www.garcia-coca.com\/wp-content\/uploads\/2020\/12\/Logo_trasparente_blanco.png\" \/>\n\t<meta property=\"og:image:width\" content=\"2325\" \/>\n\t<meta property=\"og:image:height\" content=\"650\" \/>\n\t<meta property=\"og:image:type\" content=\"image\/png\" \/>\n<meta name=\"twitter:card\" content=\"summary_large_image\" \/>\n<meta name=\"twitter:label1\" content=\"Temps estimat de lectura\" \/>\n\t<meta name=\"twitter:data1\" content=\"8 minuts\" \/>\n<script type=\"application\/ld+json\" class=\"yoast-schema-graph\">{\"@context\":\"https:\\\/\\\/schema.org\",\"@graph\":[{\"@type\":\"WebPage\",\"@id\":\"https:\\\/\\\/www.garcia-coca.com\\\/ca\\\/politica-de-cookies\\\/\",\"url\":\"https:\\\/\\\/www.garcia-coca.com\\\/ca\\\/politica-de-cookies\\\/\",\"name\":\"Pol\u00edtica de cookies - Bufet Garc\u00eda-Coca\",\"isPartOf\":{\"@id\":\"https:\\\/\\\/www.garcia-coca.com\\\/ca\\\/#website\"},\"datePublished\":\"2024-05-20T14:29:02+00:00\",\"dateModified\":\"2024-07-04T17:34:00+00:00\",\"breadcrumb\":{\"@id\":\"https:\\\/\\\/www.garcia-coca.com\\\/ca\\\/politica-de-cookies\\\/#breadcrumb\"},\"inLanguage\":\"ca\",\"potentialAction\":[{\"@type\":\"ReadAction\",\"target\":[\"https:\\\/\\\/www.garcia-coca.com\\\/ca\\\/politica-de-cookies\\\/\"]}]},{\"@type\":\"BreadcrumbList\",\"@id\":\"https:\\\/\\\/www.garcia-coca.com\\\/ca\\\/politica-de-cookies\\\/#breadcrumb\",\"itemListElement\":[{\"@type\":\"ListItem\",\"position\":1,\"name\":\"Home\",\"item\":\"https:\\\/\\\/www.garcia-coca.com\\\/ca\\\/\"},{\"@type\":\"ListItem\",\"position\":2,\"name\":\"Pol\u00edtica de cookies\"}]},{\"@type\":\"WebSite\",\"@id\":\"https:\\\/\\\/www.garcia-coca.com\\\/ca\\\/#website\",\"url\":\"https:\\\/\\\/www.garcia-coca.com\\\/ca\\\/\",\"name\":\"Bufet Garc\u00eda-Coca\",\"description\":\"Abogados de Familia y Sucesiones\",\"publisher\":{\"@id\":\"https:\\\/\\\/www.garcia-coca.com\\\/ca\\\/#organization\"},\"potentialAction\":[{\"@type\":\"SearchAction\",\"target\":{\"@type\":\"EntryPoint\",\"urlTemplate\":\"https:\\\/\\\/www.garcia-coca.com\\\/ca\\\/?s={search_term_string}\"},\"query-input\":{\"@type\":\"PropertyValueSpecification\",\"valueRequired\":true,\"valueName\":\"search_term_string\"}}],\"inLanguage\":\"ca\"},{\"@type\":\"Organization\",\"@id\":\"https:\\\/\\\/www.garcia-coca.com\\\/ca\\\/#organization\",\"name\":\"Bufet Garc\u00eda-Coca\",\"url\":\"https:\\\/\\\/www.garcia-coca.com\\\/ca\\\/\",\"logo\":{\"@type\":\"ImageObject\",\"inLanguage\":\"ca\",\"@id\":\"https:\\\/\\\/www.garcia-coca.com\\\/ca\\\/#\\\/schema\\\/logo\\\/image\\\/\",\"url\":\"https:\\\/\\\/www.garcia-coca.com\\\/wp-content\\\/uploads\\\/2020\\\/12\\\/Logo_trasparente_blanco.png\",\"contentUrl\":\"https:\\\/\\\/www.garcia-coca.com\\\/wp-content\\\/uploads\\\/2020\\\/12\\\/Logo_trasparente_blanco.png\",\"width\":2325,\"height\":650,\"caption\":\"Bufet Garc\u00eda-Coca\"},\"image\":{\"@id\":\"https:\\\/\\\/www.garcia-coca.com\\\/ca\\\/#\\\/schema\\\/logo\\\/image\\\/\"},\"sameAs\":[\"https:\\\/\\\/www.facebook.com\\\/Bufet-Garca-Coca-975377212483096\\\/\",\"http:\\\/\\\/www.linkedin.com\\\/in\\\/fernando-garca-coca-castro-43a1b240\"]}]}<\/script>\n<!-- \/ Yoast SEO plugin. -->","yoast_head_json":{"title":"Pol\u00edtica de cookies - Bufet Garc\u00eda-Coca","robots":{"index":"index","follow":"follow","max-snippet":"max-snippet:-1","max-image-preview":"max-image-preview:large","max-video-preview":"max-video-preview:-1"},"canonical":"https:\/\/www.garcia-coca.com\/ca\/politica-de-cookies\/","og_locale":"ca_ES","og_type":"article","og_title":"Pol\u00edtica de cookies - Bufet Garc\u00eda-Coca","og_description":"Pol\u00edtica de cookies \u00a0 En compliment de la Llei 34\/2002, d\u201911 de juliol, de serveis de la societat de la informaci\u00f3 i del comer\u00e7 electr\u00f2nic, de la Directiva 2009\/136 CE de 12 de juliol, seguint les directrius de l\u2019Ag\u00e8ncia Espanyola de Protecci\u00f3 de Dades i del que estableix el nou Reglament europeu de protecci\u00f3 de [&hellip;]","og_url":"https:\/\/www.garcia-coca.com\/ca\/politica-de-cookies\/","og_site_name":"Bufet Garc\u00eda-Coca","article_publisher":"https:\/\/www.facebook.com\/Bufet-Garca-Coca-975377212483096\/","article_modified_time":"2024-07-04T17:34:00+00:00","og_image":[{"width":2325,"height":650,"url":"https:\/\/www.garcia-coca.com\/wp-content\/uploads\/2020\/12\/Logo_trasparente_blanco.png","type":"image\/png"}],"twitter_card":"summary_large_image","twitter_misc":{"Temps estimat de lectura":"8 minuts"},"schema":{"@context":"https:\/\/schema.org","@graph":[{"@type":"WebPage","@id":"https:\/\/www.garcia-coca.com\/ca\/politica-de-cookies\/","url":"https:\/\/www.garcia-coca.com\/ca\/politica-de-cookies\/","name":"Pol\u00edtica de cookies - Bufet Garc\u00eda-Coca","isPartOf":{"@id":"https:\/\/www.garcia-coca.com\/ca\/#website"},"datePublished":"2024-05-20T14:29:02+00:00","dateModified":"2024-07-04T17:34:00+00:00","breadcrumb":{"@id":"https:\/\/www.garcia-coca.com\/ca\/politica-de-cookies\/#breadcrumb"},"inLanguage":"ca","potentialAction":[{"@type":"ReadAction","target":["https:\/\/www.garcia-coca.com\/ca\/politica-de-cookies\/"]}]},{"@type":"BreadcrumbList","@id":"https:\/\/www.garcia-coca.com\/ca\/politica-de-cookies\/#breadcrumb","itemListElement":[{"@type":"ListItem","position":1,"name":"Home","item":"https:\/\/www.garcia-coca.com\/ca\/"},{"@type":"ListItem","position":2,"name":"Pol\u00edtica de cookies"}]},{"@type":"WebSite","@id":"https:\/\/www.garcia-coca.com\/ca\/#website","url":"https:\/\/www.garcia-coca.com\/ca\/","name":"Bufet Garc\u00eda-Coca","description":"Abogados de Familia y Sucesiones","publisher":{"@id":"https:\/\/www.garcia-coca.com\/ca\/#organization"},"potentialAction":[{"@type":"SearchAction","target":{"@type":"EntryPoint","urlTemplate":"https:\/\/www.garcia-coca.com\/ca\/?s={search_term_string}"},"query-input":{"@type":"PropertyValueSpecification","valueRequired":true,"valueName":"search_term_string"}}],"inLanguage":"ca"},{"@type":"Organization","@id":"https:\/\/www.garcia-coca.com\/ca\/#organization","name":"Bufet Garc\u00eda-Coca","url":"https:\/\/www.garcia-coca.com\/ca\/","logo":{"@type":"ImageObject","inLanguage":"ca","@id":"https:\/\/www.garcia-coca.com\/ca\/#\/schema\/logo\/image\/","url":"https:\/\/www.garcia-coca.com\/wp-content\/uploads\/2020\/12\/Logo_trasparente_blanco.png","contentUrl":"https:\/\/www.garcia-coca.com\/wp-content\/uploads\/2020\/12\/Logo_trasparente_blanco.png","width":2325,"height":650,"caption":"Bufet Garc\u00eda-Coca"},"image":{"@id":"https:\/\/www.garcia-coca.com\/ca\/#\/schema\/logo\/image\/"},"sameAs":["https:\/\/www.facebook.com\/Bufet-Garca-Coca-975377212483096\/","http:\/\/www.linkedin.com\/in\/fernando-garca-coca-castro-43a1b240"]}]}},"_links":{"self":[{"href":"https:\/\/www.garcia-coca.com\/ca\/wp-json\/wp\/v2\/pages\/241576","targetHints":{"allow":["GET"]}}],"collection":[{"href":"https:\/\/www.garcia-coca.com\/ca\/wp-json\/wp\/v2\/pages"}],"about":[{"href":"https:\/\/www.garcia-coca.com\/ca\/wp-json\/wp\/v2\/types\/page"}],"author":[{"embeddable":true,"href":"https:\/\/www.garcia-coca.com\/ca\/wp-json\/wp\/v2\/users\/1"}],"replies":[{"embeddable":true,"href":"https:\/\/www.garcia-coca.com\/ca\/wp-json\/wp\/v2\/comments?post=241576"}],"version-history":[{"count":0,"href":"https:\/\/www.garcia-coca.com\/ca\/wp-json\/wp\/v2\/pages\/241576\/revisions"}],"wp:attachment":[{"href":"https:\/\/www.garcia-coca.com\/ca\/wp-json\/wp\/v2\/media?parent=241576"}],"curies":[{"name":"wp","href":"https:\/\/api.w.org\/{rel}","templated":true}]}}